{"id":8086,"date":"2021-10-19T08:55:01","date_gmt":"2021-10-19T08:55:01","guid":{"rendered":"https:\/\/swissexcellence.ch\/?page_id=8086"},"modified":"2026-08-28T11:29:08","modified_gmt":"2026-08-28T11:29:08","slug":"events","status":"publish","type":"page","link":"https:\/\/www.swisslearning.com\/ru\/events\/","title":{"rendered":"\u0421\u043e\u0431\u044b\u0442\u0438\u044f"},"content":{"rendered":"\t\t<div data-elementor-type=\"wp-page\" data-elementor-id=\"8086\" class=\"elementor elementor-8086\" data-elementor-settings=\"{&quot;ha_cmc_init_switcher&quot;:&quot;no&quot;}\" data-elementor-post-type=\"page\">\n\t\t\t\t\t\t<section class=\"elementor-section elementor-top-section elementor-element elementor-element-f1ba1a7 elementor-section-full_width elementor-section-height-default elementor-section-height-default\" data-id=\"f1ba1a7\" data-element_type=\"section\" data-e-type=\"section\" data-settings=\"{&quot;_ha_eqh_enable&quot;:false}\">\n\t\t\t\t\t\t<div class=\"elementor-container elementor-column-gap-default\">\n\t\t\t\t\t<div class=\"elementor-column elementor-col-100 elementor-top-column elementor-element elementor-element-8bf33b9\" data-id=\"8bf33b9\" data-element_type=\"column\" data-e-type=\"column\">\n\t\t\t<div class=\"elementor-widget-wrap elementor-element-populated\">\n\t\t\t\t\t\t<div class=\"elementor-element elementor-element-73e2dbf elementor-widget elementor-widget-heading\" data-id=\"73e2dbf\" data-element_type=\"widget\" data-e-type=\"widget\" data-widget_type=\"heading.default\">\n\t\t\t\t<div class=\"elementor-widget-container\">\n\t\t\t\t\t<h1 class=\"elementor-heading-title elementor-size-default\">Upcoming events<\/h1>\t\t\t\t<\/div>\n\t\t\t\t<\/div>\n\t\t\t\t<div class=\"elementor-element elementor-element-8f604dc elementor-grid-3 elementor-grid-tablet-2 elementor-grid-mobile-1 elementor-posts--thumbnail-top elementor-widget elementor-widget-posts\" data-id=\"8f604dc\" data-element_type=\"widget\" data-e-type=\"widget\" data-settings=\"{&quot;pagination_type&quot;:&quot;prev_next&quot;,&quot;classic_columns&quot;:&quot;3&quot;,&quot;classic_columns_tablet&quot;:&quot;2&quot;,&quot;classic_columns_mobile&quot;:&quot;1&quot;,&quot;classic_row_gap&quot;:{&quot;unit&quot;:&quot;px&quot;,&quot;size&quot;:35,&quot;sizes&quot;:[]},&quot;classic_row_gap_tablet&quot;:{&quot;unit&quot;:&quot;px&quot;,&quot;size&quot;:&quot;&quot;,&quot;sizes&quot;:[]},&quot;classic_row_gap_mobile&quot;:{&quot;unit&quot;:&quot;px&quot;,&quot;size&quot;:&quot;&quot;,&quot;sizes&quot;:[]}}\" data-widget_type=\"posts.classic\">\n\t\t\t\t<div class=\"elementor-widget-container\">\n\t\t\t\t\t\t\t<div class=\"elementor-posts-container elementor-posts elementor-posts--skin-classic elementor-grid\" role=\"list\">\n\t\t\t\t<article class=\"elementor-post elementor-grid-item post-14634 post type-post status-publish format-standard has-post-thumbnail hentry category-comingsoon\" role=\"listitem\">\n\t\t\t\t<a class=\"elementor-post__thumbnail__link\" href=\"https:\/\/www.swisslearning.com\/ru\/comingsoon\/swiss-learning-in-new-york-in-september-30th-2026\/\" tabindex=\"-1\" >\n\t\t\t<div class=\"elementor-post__thumbnail\"><img fetchpriority=\"high\" decoding=\"async\" width=\"300\" height=\"201\" src=\"https:\/\/www.swisslearning.com\/wp-content\/uploads\/2026\/08\/New-York-1-300x201.png\" class=\"attachment-medium size-medium wp-image-14722\" alt=\"\" srcset=\"https:\/\/www.swisslearning.com\/wp-content\/uploads\/2026\/08\/New-York-1-300x201.png 300w, https:\/\/www.swisslearning.com\/wp-content\/uploads\/2026\/08\/New-York-1-1024x688.png 1024w, https:\/\/www.swisslearning.com\/wp-content\/uploads\/2026\/08\/New-York-1-768x516.png 768w, https:\/\/www.swisslearning.com\/wp-content\/uploads\/2026\/08\/New-York-1-18x12.png 18w, https:\/\/www.swisslearning.com\/wp-content\/uploads\/2026\/08\/New-York-1.png 1263w\" sizes=\"(max-width: 300px) 100vw, 300px\" \/><\/div>\n\t\t<\/a>\n\t\t\t\t<div class=\"elementor-post__text\">\n\t\t\t\t<h3 class=\"elementor-post__title\">\n\t\t\t<a href=\"https:\/\/www.swisslearning.com\/ru\/comingsoon\/swiss-learning-in-new-york-in-september-30th-2026\/\" >\n\t\t\t\tSwiss Learning in New York in September 30th 2026\t\t\t<\/a>\n\t\t<\/h3>\n\t\t\t\t<div class=\"elementor-post__meta-data\">\n\t\t\t\t\t<span class=\"elementor-post-date\">\n\t\t\t6 \u0430\u0432\u0433\u0443\u0441\u0442\u0430, 2026\t\t<\/span>\n\t\t\t\t<\/div>\n\t\t\t\t<div class=\"elementor-post__excerpt\">\n\t\t\t<p>The Consulate General of Switzerland in New York and Swiss Learning have the pleasure of inviting friends and alumni of Switzerland to Discover the Excellence of Swiss Education Wednesday, September 30, 20266:30 PM \u2013 8:30 PM Swiss Residence in New York640 Park Avenue, 12th FloorNew York, NY 10065 Join us for a cocktail reception where [&hellip;]<\/p>\n\t\t<\/div>\n\t\t\n\t\t<a class=\"elementor-post__read-more\" href=\"https:\/\/www.swisslearning.com\/ru\/comingsoon\/swiss-learning-in-new-york-in-september-30th-2026\/\" aria-label=\"Read more about Swiss Learning in New York in September 30th 2026\" tabindex=\"-1\" >\n\t\t\tRead More \u00bb\t\t<\/a>\n\n\t\t\t\t<\/div>\n\t\t\t\t<\/article>\n\t\t\t\t<article class=\"elementor-post elementor-grid-item post-14633 post type-post status-publish format-standard has-post-thumbnail hentry category-comingsoon\" role=\"listitem\">\n\t\t\t\t<a class=\"elementor-post__thumbnail__link\" href=\"https:\/\/www.swisslearning.com\/ru\/comingsoon\/swiss-learning-in-miami-in-september-29th-2026\/\" tabindex=\"-1\" >\n\t\t\t<div class=\"elementor-post__thumbnail\"><img decoding=\"async\" width=\"300\" height=\"201\" src=\"https:\/\/www.swisslearning.com\/wp-content\/uploads\/2026\/08\/Miami-1-300x201.png\" class=\"attachment-medium size-medium wp-image-14721\" alt=\"\" srcset=\"https:\/\/www.swisslearning.com\/wp-content\/uploads\/2026\/08\/Miami-1-300x201.png 300w, https:\/\/www.swisslearning.com\/wp-content\/uploads\/2026\/08\/Miami-1-1024x688.png 1024w, https:\/\/www.swisslearning.com\/wp-content\/uploads\/2026\/08\/Miami-1-768x516.png 768w, https:\/\/www.swisslearning.com\/wp-content\/uploads\/2026\/08\/Miami-1-18x12.png 18w, https:\/\/www.swisslearning.com\/wp-content\/uploads\/2026\/08\/Miami-1.png 1263w\" sizes=\"(max-width: 300px) 100vw, 300px\" \/><\/div>\n\t\t<\/a>\n\t\t\t\t<div class=\"elementor-post__text\">\n\t\t\t\t<h3 class=\"elementor-post__title\">\n\t\t\t<a href=\"https:\/\/www.swisslearning.com\/ru\/comingsoon\/swiss-learning-in-miami-in-september-29th-2026\/\" >\n\t\t\t\tSwiss Learning in Miami in September 29th 2026\t\t\t<\/a>\n\t\t<\/h3>\n\t\t\t\t<div class=\"elementor-post__meta-data\">\n\t\t\t\t\t<span class=\"elementor-post-date\">\n\t\t\t6 \u0430\u0432\u0433\u0443\u0441\u0442\u0430, 2026\t\t<\/span>\n\t\t\t\t<\/div>\n\t\t\t\t<div class=\"elementor-post__excerpt\">\n\t\t\t<p>The Honorary Consul of Switzerland in Miami, Mr. Ren\u00e9 Riedi, and Swiss Learning have the pleasure of inviting friends and alumni of Switzerland to Discover the Excellence of Swiss Education Tuesday, September 29, 202610:00 AM \u2013 12:30 PM Claudie1101 Brickell AvenueMiami, Florida 33131 Meet the directors of Switzerland&#8217;s most prestigious boarding schools, hospitality schools, and [&hellip;]<\/p>\n\t\t<\/div>\n\t\t\n\t\t<a class=\"elementor-post__read-more\" href=\"https:\/\/www.swisslearning.com\/ru\/comingsoon\/swiss-learning-in-miami-in-september-29th-2026\/\" aria-label=\"Read more about Swiss Learning in Miami in September 29th 2026\" tabindex=\"-1\" >\n\t\t\tRead More \u00bb\t\t<\/a>\n\n\t\t\t\t<\/div>\n\t\t\t\t<\/article>\n\t\t\t\t<article class=\"elementor-post elementor-grid-item post-14632 post type-post status-publish format-standard has-post-thumbnail hentry category-comingsoon\" role=\"listitem\">\n\t\t\t\t<a class=\"elementor-post__thumbnail__link\" href=\"https:\/\/www.swisslearning.com\/ru\/comingsoon\/swiss-learning-in-bogota-in-september-24th-2026\/\" tabindex=\"-1\" >\n\t\t\t<div class=\"elementor-post__thumbnail\"><img decoding=\"async\" width=\"300\" height=\"201\" src=\"https:\/\/www.swisslearning.com\/wp-content\/uploads\/2026\/08\/Bogota-1-300x201.png\" class=\"attachment-medium size-medium wp-image-14720\" alt=\"\" srcset=\"https:\/\/www.swisslearning.com\/wp-content\/uploads\/2026\/08\/Bogota-1-300x201.png 300w, https:\/\/www.swisslearning.com\/wp-content\/uploads\/2026\/08\/Bogota-1-1024x688.png 1024w, https:\/\/www.swisslearning.com\/wp-content\/uploads\/2026\/08\/Bogota-1-768x516.png 768w, https:\/\/www.swisslearning.com\/wp-content\/uploads\/2026\/08\/Bogota-1-18x12.png 18w, https:\/\/www.swisslearning.com\/wp-content\/uploads\/2026\/08\/Bogota-1.png 1263w\" sizes=\"(max-width: 300px) 100vw, 300px\" \/><\/div>\n\t\t<\/a>\n\t\t\t\t<div class=\"elementor-post__text\">\n\t\t\t\t<h3 class=\"elementor-post__title\">\n\t\t\t<a href=\"https:\/\/www.swisslearning.com\/ru\/comingsoon\/swiss-learning-in-bogota-in-september-24th-2026\/\" >\n\t\t\t\tSwiss Learning in Bogot\u00e1 in September 24th 2026\t\t\t<\/a>\n\t\t<\/h3>\n\t\t\t\t<div class=\"elementor-post__meta-data\">\n\t\t\t\t\t<span class=\"elementor-post-date\">\n\t\t\t6 \u0430\u0432\u0433\u0443\u0441\u0442\u0430, 2026\t\t<\/span>\n\t\t\t\t<\/div>\n\t\t\t\t<div class=\"elementor-post__excerpt\">\n\t\t\t<p>The Embassy of Switzerland in Colombia and Swiss Learning are pleased to invite friends and alumni of Switzerland to Discover the Excellence of Swiss Education Thursday, September 24, 202610:30 AM \u2013 1:00 PM Jockey ClubCarrera 4 #72A-54Bogot\u00e1 D.C. Loading PDF&#8230; Error loading PDF. Please check the URL or file. \u2212 + &#8592; 1 \/ 1 [&hellip;]<\/p>\n\t\t<\/div>\n\t\t\n\t\t<a class=\"elementor-post__read-more\" href=\"https:\/\/www.swisslearning.com\/ru\/comingsoon\/swiss-learning-in-bogota-in-september-24th-2026\/\" aria-label=\"Read more about Swiss Learning in Bogot\u00e1 in September 24th 2026\" tabindex=\"-1\" >\n\t\t\tRead More \u00bb\t\t<\/a>\n\n\t\t\t\t<\/div>\n\t\t\t\t<\/article>\n\t\t\t\t<article class=\"elementor-post elementor-grid-item post-14631 post type-post status-publish format-standard has-post-thumbnail hentry category-comingsoon\" role=\"listitem\">\n\t\t\t\t<a class=\"elementor-post__thumbnail__link\" href=\"https:\/\/www.swisslearning.com\/ru\/comingsoon\/swiss-learning-in-mexico-in-september-22nd-2026\/\" tabindex=\"-1\" >\n\t\t\t<div class=\"elementor-post__thumbnail\"><img loading=\"lazy\" decoding=\"async\" width=\"300\" height=\"201\" src=\"https:\/\/www.swisslearning.com\/wp-content\/uploads\/2026\/08\/Mexico-1-300x201.png\" class=\"attachment-medium size-medium wp-image-14719\" alt=\"\" srcset=\"https:\/\/www.swisslearning.com\/wp-content\/uploads\/2026\/08\/Mexico-1-300x201.png 300w, https:\/\/www.swisslearning.com\/wp-content\/uploads\/2026\/08\/Mexico-1-1024x688.png 1024w, https:\/\/www.swisslearning.com\/wp-content\/uploads\/2026\/08\/Mexico-1-768x516.png 768w, https:\/\/www.swisslearning.com\/wp-content\/uploads\/2026\/08\/Mexico-1-18x12.png 18w, https:\/\/www.swisslearning.com\/wp-content\/uploads\/2026\/08\/Mexico-1.png 1263w\" sizes=\"(max-width: 300px) 100vw, 300px\" \/><\/div>\n\t\t<\/a>\n\t\t\t\t<div class=\"elementor-post__text\">\n\t\t\t\t<h3 class=\"elementor-post__title\">\n\t\t\t<a href=\"https:\/\/www.swisslearning.com\/ru\/comingsoon\/swiss-learning-in-mexico-in-september-22nd-2026\/\" >\n\t\t\t\tSwiss Learning in Mexico in September 22nd 2026\t\t\t<\/a>\n\t\t<\/h3>\n\t\t\t\t<div class=\"elementor-post__meta-data\">\n\t\t\t\t\t<span class=\"elementor-post-date\">\n\t\t\t6 \u0430\u0432\u0433\u0443\u0441\u0442\u0430, 2026\t\t<\/span>\n\t\t\t\t<\/div>\n\t\t\t\t<div class=\"elementor-post__excerpt\">\n\t\t\t<p>His Excellency Alain Gaschen, Ambassador of Switzerland to Mexico, and Christophe-Xavier Clivaz, Founder of Swiss Learning, cordially invite friends and alumni of Switzerland to a special evening dedicated to\u00a0 Discover the Excellence of Swiss Education and meet representatives from some of Switzerland&#8217;s most prestigious educational institutions. Tuesday, September 22, 20266:00 p.m. \u2013 8:30 p.m. Residence [&hellip;]<\/p>\n\t\t<\/div>\n\t\t\n\t\t<a class=\"elementor-post__read-more\" href=\"https:\/\/www.swisslearning.com\/ru\/comingsoon\/swiss-learning-in-mexico-in-september-22nd-2026\/\" aria-label=\"Read more about Swiss Learning in Mexico in September 22nd 2026\" tabindex=\"-1\" >\n\t\t\tRead More \u00bb\t\t<\/a>\n\n\t\t\t\t<\/div>\n\t\t\t\t<\/article>\n\t\t\t\t<\/div>\n\t\t\n\t\t\t\t\t\t<\/div>\n\t\t\t\t<\/div>\n\t\t\t\t\t<\/div>\n\t\t<\/div>\n\t\t\t\t\t<\/div>\n\t\t<\/section>\n\t\t\t\t<section class=\"elementor-section elementor-top-section elementor-element elementor-element-1503618 elementor-section-full_width elementor-section-height-default elementor-section-height-default\" data-id=\"1503618\" data-element_type=\"section\" data-e-type=\"section\" data-settings=\"{&quot;_ha_eqh_enable&quot;:false}\">\n\t\t\t\t\t\t<div class=\"elementor-container elementor-column-gap-default\">\n\t\t\t\t\t<div class=\"elementor-column elementor-col-100 elementor-top-column elementor-element elementor-element-1db63d3\" data-id=\"1db63d3\" data-element_type=\"column\" data-e-type=\"column\">\n\t\t\t<div class=\"elementor-widget-wrap elementor-element-populated\">\n\t\t\t\t\t\t<div class=\"elementor-element elementor-element-f38129f elementor-widget elementor-widget-heading\" data-id=\"f38129f\" data-element_type=\"widget\" data-e-type=\"widget\" data-widget_type=\"heading.default\">\n\t\t\t\t<div class=\"elementor-widget-container\">\n\t\t\t\t\t<h2 class=\"elementor-heading-title elementor-size-default\">Past events<\/h2>\t\t\t\t<\/div>\n\t\t\t\t<\/div>\n\t\t\t\t<div class=\"elementor-element elementor-element-5f1c496 elementor-grid-3 elementor-grid-tablet-2 elementor-grid-mobile-1 elementor-posts--thumbnail-top elementor-widget elementor-widget-posts\" data-id=\"5f1c496\" data-element_type=\"widget\" data-e-type=\"widget\" data-settings=\"{&quot;pagination_type&quot;:&quot;prev_next&quot;,&quot;classic_columns&quot;:&quot;3&quot;,&quot;classic_columns_tablet&quot;:&quot;2&quot;,&quot;classic_columns_mobile&quot;:&quot;1&quot;,&quot;classic_row_gap&quot;:{&quot;unit&quot;:&quot;px&quot;,&quot;size&quot;:35,&quot;sizes&quot;:[]},&quot;classic_row_gap_tablet&quot;:{&quot;unit&quot;:&quot;px&quot;,&quot;size&quot;:&quot;&quot;,&quot;sizes&quot;:[]},&quot;classic_row_gap_mobile&quot;:{&quot;unit&quot;:&quot;px&quot;,&quot;size&quot;:&quot;&quot;,&quot;sizes&quot;:[]}}\" data-widget_type=\"posts.classic\">\n\t\t\t\t<div class=\"elementor-widget-container\">\n\t\t\t\t\t\t\t<div class=\"elementor-posts-container elementor-posts elementor-posts--skin-classic elementor-grid\" role=\"list\">\n\t\t\t\t<article class=\"elementor-post elementor-grid-item post-14624 post type-post status-publish format-standard has-post-thumbnail hentry category-events\" role=\"listitem\">\n\t\t\t\t<a class=\"elementor-post__thumbnail__link\" href=\"https:\/\/www.swisslearning.com\/ru\/events\/swiss-learning-singapore-in-april-28th-2026\/\" tabindex=\"-1\" >\n\t\t\t<div class=\"elementor-post__thumbnail\"><img loading=\"lazy\" decoding=\"async\" width=\"800\" height=\"800\" src=\"https:\/\/www.swisslearning.com\/wp-content\/uploads\/2026\/08\/Put_the_wooden_cow_without_the_Nano_Banana_2_84402-1024x1024.png\" class=\"attachment-large size-large wp-image-14709\" alt=\"\" srcset=\"https:\/\/www.swisslearning.com\/wp-content\/uploads\/2026\/08\/Put_the_wooden_cow_without_the_Nano_Banana_2_84402-1024x1024.png 1024w, https:\/\/www.swisslearning.com\/wp-content\/uploads\/2026\/08\/Put_the_wooden_cow_without_the_Nano_Banana_2_84402-300x300.png 300w, https:\/\/www.swisslearning.com\/wp-content\/uploads\/2026\/08\/Put_the_wooden_cow_without_the_Nano_Banana_2_84402-150x150.png 150w, https:\/\/www.swisslearning.com\/wp-content\/uploads\/2026\/08\/Put_the_wooden_cow_without_the_Nano_Banana_2_84402-768x768.png 768w, https:\/\/www.swisslearning.com\/wp-content\/uploads\/2026\/08\/Put_the_wooden_cow_without_the_Nano_Banana_2_84402-1536x1536.png 1536w, https:\/\/www.swisslearning.com\/wp-content\/uploads\/2026\/08\/Put_the_wooden_cow_without_the_Nano_Banana_2_84402-12x12.png 12w, https:\/\/www.swisslearning.com\/wp-content\/uploads\/2026\/08\/Put_the_wooden_cow_without_the_Nano_Banana_2_84402.png 2048w\" sizes=\"(max-width: 800px) 100vw, 800px\" \/><\/div>\n\t\t<\/a>\n\t\t\t\t<div class=\"elementor-post__text\">\n\t\t\t\t<h3 class=\"elementor-post__title\">\n\t\t\t<a href=\"https:\/\/www.swisslearning.com\/ru\/events\/swiss-learning-singapore-in-april-28th-2026\/\" >\n\t\t\t\tSwiss Learning in Singapore in April 28th 2026\t\t\t<\/a>\n\t\t<\/h3>\n\t\t\t\t<div class=\"elementor-post__meta-data\">\n\t\t\t\t\t<span class=\"elementor-post-date\">\n\t\t\t7 \u043c\u0430\u044f, 2026\t\t<\/span>\n\t\t\t\t<\/div>\n\t\t\t\t<div class=\"elementor-post__excerpt\">\n\t\t\t<p>Swiss Learning at the AP House Singapore Swiss Learning was honoured to host an evening at the AP House Singapore, bringing together partners and friends of Swiss Learning around a shared vision of Swiss excellence. The event highlighted the strong connection between Swiss excellence in watchmaking and Swiss excellence in education &nbsp;both built on precision, [&hellip;]<\/p>\n\t\t<\/div>\n\t\t\n\t\t<a class=\"elementor-post__read-more\" href=\"https:\/\/www.swisslearning.com\/ru\/events\/swiss-learning-singapore-in-april-28th-2026\/\" aria-label=\"Read more about Swiss Learning in Singapore in April 28th 2026\" tabindex=\"-1\" >\n\t\t\tRead More \u00bb\t\t<\/a>\n\n\t\t\t\t<\/div>\n\t\t\t\t<\/article>\n\t\t\t\t<article class=\"elementor-post elementor-grid-item post-14621 post type-post status-publish format-standard has-post-thumbnail hentry category-events\" role=\"listitem\">\n\t\t\t\t<a class=\"elementor-post__thumbnail__link\" href=\"https:\/\/www.swisslearning.com\/ru\/events\/swiss-learning-in-bangkok-in-april-23rd-singapore-in-april-28th-2026\/\" tabindex=\"-1\" >\n\t\t\t<div class=\"elementor-post__thumbnail\"><img loading=\"lazy\" decoding=\"async\" width=\"800\" height=\"800\" src=\"https:\/\/www.swisslearning.com\/wp-content\/uploads\/2026\/08\/Put_wooden_cow_only_not_the_eg_Nano_Banana_2_25083-1024x1024.png\" class=\"attachment-large size-large wp-image-14708\" alt=\"\" srcset=\"https:\/\/www.swisslearning.com\/wp-content\/uploads\/2026\/08\/Put_wooden_cow_only_not_the_eg_Nano_Banana_2_25083-1024x1024.png 1024w, https:\/\/www.swisslearning.com\/wp-content\/uploads\/2026\/08\/Put_wooden_cow_only_not_the_eg_Nano_Banana_2_25083-300x300.png 300w, https:\/\/www.swisslearning.com\/wp-content\/uploads\/2026\/08\/Put_wooden_cow_only_not_the_eg_Nano_Banana_2_25083-150x150.png 150w, https:\/\/www.swisslearning.com\/wp-content\/uploads\/2026\/08\/Put_wooden_cow_only_not_the_eg_Nano_Banana_2_25083-768x768.png 768w, https:\/\/www.swisslearning.com\/wp-content\/uploads\/2026\/08\/Put_wooden_cow_only_not_the_eg_Nano_Banana_2_25083-1536x1536.png 1536w, https:\/\/www.swisslearning.com\/wp-content\/uploads\/2026\/08\/Put_wooden_cow_only_not_the_eg_Nano_Banana_2_25083-12x12.png 12w, https:\/\/www.swisslearning.com\/wp-content\/uploads\/2026\/08\/Put_wooden_cow_only_not_the_eg_Nano_Banana_2_25083.png 2048w\" sizes=\"(max-width: 800px) 100vw, 800px\" \/><\/div>\n\t\t<\/a>\n\t\t\t\t<div class=\"elementor-post__text\">\n\t\t\t\t<h3 class=\"elementor-post__title\">\n\t\t\t<a href=\"https:\/\/www.swisslearning.com\/ru\/events\/swiss-learning-in-bangkok-in-april-23rd-singapore-in-april-28th-2026\/\" >\n\t\t\t\tSwiss Learning in Bangkok in April 23rd 2026\t\t\t<\/a>\n\t\t<\/h3>\n\t\t\t\t<div class=\"elementor-post__meta-data\">\n\t\t\t\t\t<span class=\"elementor-post-date\">\n\t\t\t21 \u0430\u043f\u0440\u0435\u043b\u044f, 2026\t\t<\/span>\n\t\t\t\t<\/div>\n\t\t\t\t<div class=\"elementor-post__excerpt\">\n\t\t\t<p>Swiss Learning in Bangkok: A Moment of Exchange and Perspective Swiss Learning recently hosted an event in Bangkok, bringing together families, partners, and members of the international community interested in Swiss education. Held in a warm and engaging atmosphere, the event went beyond traditional presentations. It created space for genuine conversations allowing families to better [&hellip;]<\/p>\n\t\t<\/div>\n\t\t\n\t\t<a class=\"elementor-post__read-more\" href=\"https:\/\/www.swisslearning.com\/ru\/events\/swiss-learning-in-bangkok-in-april-23rd-singapore-in-april-28th-2026\/\" aria-label=\"Read more about Swiss Learning in Bangkok in April 23rd 2026\" tabindex=\"-1\" >\n\t\t\tRead More \u00bb\t\t<\/a>\n\n\t\t\t\t<\/div>\n\t\t\t\t<\/article>\n\t\t\t\t<article class=\"elementor-post elementor-grid-item post-14613 post type-post status-publish format-standard has-post-thumbnail hentry category-events\" role=\"listitem\">\n\t\t\t\t<a class=\"elementor-post__thumbnail__link\" href=\"https:\/\/www.swisslearning.com\/ru\/events\/swiss-learning-in-london-in-march-23rd-2026\/\" tabindex=\"-1\" >\n\t\t\t<div class=\"elementor-post__thumbnail\"><img loading=\"lazy\" decoding=\"async\" width=\"800\" height=\"537\" src=\"https:\/\/www.swisslearning.com\/wp-content\/uploads\/2026\/08\/Hilda-London-2-1024x687.jpg\" class=\"attachment-large size-large wp-image-14702\" alt=\"\" srcset=\"https:\/\/www.swisslearning.com\/wp-content\/uploads\/2026\/08\/Hilda-London-2-1024x687.jpg 1024w, https:\/\/www.swisslearning.com\/wp-content\/uploads\/2026\/08\/Hilda-London-2-300x201.jpg 300w, https:\/\/www.swisslearning.com\/wp-content\/uploads\/2026\/08\/Hilda-London-2-768x515.jpg 768w, https:\/\/www.swisslearning.com\/wp-content\/uploads\/2026\/08\/Hilda-London-2-1536x1030.jpg 1536w, https:\/\/www.swisslearning.com\/wp-content\/uploads\/2026\/08\/Hilda-London-2-2048x1374.jpg 2048w, https:\/\/www.swisslearning.com\/wp-content\/uploads\/2026\/08\/Hilda-London-2-18x12.jpg 18w\" sizes=\"(max-width: 800px) 100vw, 800px\" \/><\/div>\n\t\t<\/a>\n\t\t\t\t<div class=\"elementor-post__text\">\n\t\t\t\t<h3 class=\"elementor-post__title\">\n\t\t\t<a href=\"https:\/\/www.swisslearning.com\/ru\/events\/swiss-learning-in-london-in-march-23rd-2026\/\" >\n\t\t\t\tSwiss Learning in London in March 23rd 2026\t\t\t<\/a>\n\t\t<\/h3>\n\t\t\t\t<div class=\"elementor-post__meta-data\">\n\t\t\t\t\t<span class=\"elementor-post-date\">\n\t\t\t26 \u043c\u0430\u0440\u0442\u0430, 2026\t\t<\/span>\n\t\t\t\t<\/div>\n\t\t\t\t<div class=\"elementor-post__excerpt\">\n\t\t\t<p>One summer in Switzerland can shape a lifetime. Swiss Learning recently welcomed families to an exclusive event at Mosimann\u2019s in London, dedicated to exploring the unique value of Swiss summer programmes. Organised in collaboration with Collab Education, and with the valued participation of the Swiss Embassy represented by Mr. Stephan Schmid, the event brought together [&hellip;]<\/p>\n\t\t<\/div>\n\t\t\n\t\t<a class=\"elementor-post__read-more\" href=\"https:\/\/www.swisslearning.com\/ru\/events\/swiss-learning-in-london-in-march-23rd-2026\/\" aria-label=\"Read more about Swiss Learning in London in March 23rd 2026\" tabindex=\"-1\" >\n\t\t\tRead More \u00bb\t\t<\/a>\n\n\t\t\t\t<\/div>\n\t\t\t\t<\/article>\n\t\t\t\t<article class=\"elementor-post elementor-grid-item post-14607 post type-post status-publish format-standard has-post-thumbnail hentry category-events\" role=\"listitem\">\n\t\t\t\t<a class=\"elementor-post__thumbnail__link\" href=\"https:\/\/www.swisslearning.com\/ru\/events\/swiss-learning-in-monaco-in-march-19th-2026\/\" tabindex=\"-1\" >\n\t\t\t<div class=\"elementor-post__thumbnail\"><img loading=\"lazy\" decoding=\"async\" width=\"800\" height=\"537\" src=\"https:\/\/www.swisslearning.com\/wp-content\/uploads\/2026\/08\/Put_the_wooden_cow_standing_in_Nano_Banana_2_54807-1024x687.jpg\" class=\"attachment-large size-large wp-image-14700\" alt=\"\" srcset=\"https:\/\/www.swisslearning.com\/wp-content\/uploads\/2026\/08\/Put_the_wooden_cow_standing_in_Nano_Banana_2_54807-1024x687.jpg 1024w, https:\/\/www.swisslearning.com\/wp-content\/uploads\/2026\/08\/Put_the_wooden_cow_standing_in_Nano_Banana_2_54807-300x201.jpg 300w, https:\/\/www.swisslearning.com\/wp-content\/uploads\/2026\/08\/Put_the_wooden_cow_standing_in_Nano_Banana_2_54807-768x515.jpg 768w, https:\/\/www.swisslearning.com\/wp-content\/uploads\/2026\/08\/Put_the_wooden_cow_standing_in_Nano_Banana_2_54807-1536x1030.jpg 1536w, https:\/\/www.swisslearning.com\/wp-content\/uploads\/2026\/08\/Put_the_wooden_cow_standing_in_Nano_Banana_2_54807-2048x1374.jpg 2048w, https:\/\/www.swisslearning.com\/wp-content\/uploads\/2026\/08\/Put_the_wooden_cow_standing_in_Nano_Banana_2_54807-18x12.jpg 18w\" sizes=\"(max-width: 800px) 100vw, 800px\" \/><\/div>\n\t\t<\/a>\n\t\t\t\t<div class=\"elementor-post__text\">\n\t\t\t\t<h3 class=\"elementor-post__title\">\n\t\t\t<a href=\"https:\/\/www.swisslearning.com\/ru\/events\/swiss-learning-in-monaco-in-march-19th-2026\/\" >\n\t\t\t\tSwiss Learning in Monaco in March 19th 2026\t\t\t<\/a>\n\t\t<\/h3>\n\t\t\t\t<div class=\"elementor-post__meta-data\">\n\t\t\t\t\t<span class=\"elementor-post-date\">\n\t\t\t13 \u043c\u0430\u0440\u0442\u0430, 2026\t\t<\/span>\n\t\t\t\t<\/div>\n\t\t\t\t<div class=\"elementor-post__excerpt\">\n\t\t\t<p>Mr. Christophe Vauthey, Consul General of Switzerland in Marseille and in Monaco, and Mr. Christophe-Xavier Clivaz, Founder of Swiss Leaming, had the pleasure of hosting friends of Switzerland to the event Preparing your child for a world without borders A few hours from Monaco, a different approach to education<\/p>\n\t\t<\/div>\n\t\t\n\t\t<a class=\"elementor-post__read-more\" href=\"https:\/\/www.swisslearning.com\/ru\/events\/swiss-learning-in-monaco-in-march-19th-2026\/\" aria-label=\"Read more about Swiss Learning in Monaco in March 19th 2026\" tabindex=\"-1\" >\n\t\t\tRead More \u00bb\t\t<\/a>\n\n\t\t\t\t<\/div>\n\t\t\t\t<\/article>\n\t\t\t\t<article class=\"elementor-post elementor-grid-item post-14608 post type-post status-publish format-standard has-post-thumbnail hentry category-events\" role=\"listitem\">\n\t\t\t\t<a class=\"elementor-post__thumbnail__link\" href=\"https:\/\/www.swisslearning.com\/ru\/events\/swiss-learning-in-paris-in-march-18th-2026\/\" tabindex=\"-1\" >\n\t\t\t<div class=\"elementor-post__thumbnail\"><img loading=\"lazy\" decoding=\"async\" width=\"800\" height=\"537\" src=\"https:\/\/www.swisslearning.com\/wp-content\/uploads\/2026\/08\/Paris-Hilda-1024x687.jpg\" class=\"attachment-large size-large wp-image-14699\" alt=\"\" srcset=\"https:\/\/www.swisslearning.com\/wp-content\/uploads\/2026\/08\/Paris-Hilda-1024x687.jpg 1024w, https:\/\/www.swisslearning.com\/wp-content\/uploads\/2026\/08\/Paris-Hilda-300x201.jpg 300w, https:\/\/www.swisslearning.com\/wp-content\/uploads\/2026\/08\/Paris-Hilda-768x515.jpg 768w, https:\/\/www.swisslearning.com\/wp-content\/uploads\/2026\/08\/Paris-Hilda-18x12.jpg 18w, https:\/\/www.swisslearning.com\/wp-content\/uploads\/2026\/08\/Paris-Hilda.jpg 1440w\" sizes=\"(max-width: 800px) 100vw, 800px\" \/><\/div>\n\t\t<\/a>\n\t\t\t\t<div class=\"elementor-post__text\">\n\t\t\t\t<h3 class=\"elementor-post__title\">\n\t\t\t<a href=\"https:\/\/www.swisslearning.com\/ru\/events\/swiss-learning-in-paris-in-march-18th-2026\/\" >\n\t\t\t\tSwiss Learning in Paris in March 18th 2026\t\t\t<\/a>\n\t\t<\/h3>\n\t\t\t\t<div class=\"elementor-post__meta-data\">\n\t\t\t\t\t<span class=\"elementor-post-date\">\n\t\t\t12 \u043c\u0430\u0440\u0442\u0430, 2026\t\t<\/span>\n\t\t\t\t<\/div>\n\t\t\t\t<div class=\"elementor-post__excerpt\">\n\t\t\t<p>L\u2019Ambassadrice de Suisse en France Mme Tania Cavassini, et M. Christophe-Xavier Clivaz, Fondateur de Swiss Learning, ont eu le plaisir de convier les amis de la Suisse \u00e0 une rencontre sur le th\u00e8me Pr\u00e9parer son enfant \u00e0 un monde sans fronti\u00e8res :une autre vision de l\u2019\u00e9ducation La soir\u00e9e a offert une occasion unique aux familles [&hellip;]<\/p>\n\t\t<\/div>\n\t\t\n\t\t<a class=\"elementor-post__read-more\" href=\"https:\/\/www.swisslearning.com\/ru\/events\/swiss-learning-in-paris-in-march-18th-2026\/\" aria-label=\"Read more about Swiss Learning in Paris in March 18th 2026\" tabindex=\"-1\" >\n\t\t\tRead More \u00bb\t\t<\/a>\n\n\t\t\t\t<\/div>\n\t\t\t\t<\/article>\n\t\t\t\t<article class=\"elementor-post elementor-grid-item post-14609 post type-post status-publish format-standard has-post-thumbnail hentry category-events\" role=\"listitem\">\n\t\t\t\t<a class=\"elementor-post__thumbnail__link\" href=\"https:\/\/www.swisslearning.com\/ru\/events\/swiss-learning-in-warsaw-in-march-5th-2026\/\" tabindex=\"-1\" >\n\t\t\t<div class=\"elementor-post__thumbnail\"><img loading=\"lazy\" decoding=\"async\" width=\"800\" height=\"537\" src=\"https:\/\/www.swisslearning.com\/wp-content\/uploads\/2026\/08\/Varsovia-1024x687.jpg\" class=\"attachment-large size-large wp-image-14698\" alt=\"\" srcset=\"https:\/\/www.swisslearning.com\/wp-content\/uploads\/2026\/08\/Varsovia-1024x687.jpg 1024w, https:\/\/www.swisslearning.com\/wp-content\/uploads\/2026\/08\/Varsovia-300x201.jpg 300w, https:\/\/www.swisslearning.com\/wp-content\/uploads\/2026\/08\/Varsovia-768x515.jpg 768w, https:\/\/www.swisslearning.com\/wp-content\/uploads\/2026\/08\/Varsovia-1536x1030.jpg 1536w, https:\/\/www.swisslearning.com\/wp-content\/uploads\/2026\/08\/Varsovia-2048x1374.jpg 2048w, https:\/\/www.swisslearning.com\/wp-content\/uploads\/2026\/08\/Varsovia-18x12.jpg 18w\" sizes=\"(max-width: 800px) 100vw, 800px\" \/><\/div>\n\t\t<\/a>\n\t\t\t\t<div class=\"elementor-post__text\">\n\t\t\t\t<h3 class=\"elementor-post__title\">\n\t\t\t<a href=\"https:\/\/www.swisslearning.com\/ru\/events\/swiss-learning-in-warsaw-in-march-5th-2026\/\" >\n\t\t\t\tSwiss Learning in Warsaw in March 5th 2026\t\t\t<\/a>\n\t\t<\/h3>\n\t\t\t\t<div class=\"elementor-post__meta-data\">\n\t\t\t\t\t<span class=\"elementor-post-date\">\n\t\t\t11 \u043c\u0430\u0440\u0442\u0430, 2026\t\t<\/span>\n\t\t\t\t<\/div>\n\t\t\t\t<div class=\"elementor-post__excerpt\">\n\t\t\t<p>Swiss Learning recently had the pleasure of hosting an exclusive event at the Residence of the Swiss Ambassador in presence of H.E. Fabrice Filliez, bringing together families and representatives of leading Swiss boarding schools. The evening provided a unique opportunity for families to engage directly with schools, gain deeper insights into Swiss education and explore [&hellip;]<\/p>\n\t\t<\/div>\n\t\t\n\t\t<a class=\"elementor-post__read-more\" href=\"https:\/\/www.swisslearning.com\/ru\/events\/swiss-learning-in-warsaw-in-march-5th-2026\/\" aria-label=\"Read more about Swiss Learning in Warsaw in March 5th 2026\" tabindex=\"-1\" >\n\t\t\tRead More \u00bb\t\t<\/a>\n\n\t\t\t\t<\/div>\n\t\t\t\t<\/article>\n\t\t\t\t<article class=\"elementor-post elementor-grid-item post-13082 post type-post status-publish format-standard has-post-thumbnail hentry category-events\" role=\"listitem\">\n\t\t\t\t<a class=\"elementor-post__thumbnail__link\" href=\"https:\/\/www.swisslearning.com\/ru\/events\/swiss-learning-in-lagos-in-february-4th-2026\/\" tabindex=\"-1\" >\n\t\t\t<div class=\"elementor-post__thumbnail\"><img loading=\"lazy\" decoding=\"async\" width=\"800\" height=\"537\" src=\"https:\/\/www.swisslearning.com\/wp-content\/uploads\/2026\/08\/Put_the_wooden_cow_standing_st_Nano_Banana_Pro_76442-1024x687.jpg\" class=\"attachment-large size-large wp-image-14693\" alt=\"\" srcset=\"https:\/\/www.swisslearning.com\/wp-content\/uploads\/2026\/08\/Put_the_wooden_cow_standing_st_Nano_Banana_Pro_76442-1024x687.jpg 1024w, https:\/\/www.swisslearning.com\/wp-content\/uploads\/2026\/08\/Put_the_wooden_cow_standing_st_Nano_Banana_Pro_76442-300x201.jpg 300w, https:\/\/www.swisslearning.com\/wp-content\/uploads\/2026\/08\/Put_the_wooden_cow_standing_st_Nano_Banana_Pro_76442-768x515.jpg 768w, https:\/\/www.swisslearning.com\/wp-content\/uploads\/2026\/08\/Put_the_wooden_cow_standing_st_Nano_Banana_Pro_76442-1536x1030.jpg 1536w, https:\/\/www.swisslearning.com\/wp-content\/uploads\/2026\/08\/Put_the_wooden_cow_standing_st_Nano_Banana_Pro_76442-2048x1374.jpg 2048w, https:\/\/www.swisslearning.com\/wp-content\/uploads\/2026\/08\/Put_the_wooden_cow_standing_st_Nano_Banana_Pro_76442-18x12.jpg 18w\" sizes=\"(max-width: 800px) 100vw, 800px\" \/><\/div>\n\t\t<\/a>\n\t\t\t\t<div class=\"elementor-post__text\">\n\t\t\t\t<h3 class=\"elementor-post__title\">\n\t\t\t<a href=\"https:\/\/www.swisslearning.com\/ru\/events\/swiss-learning-in-lagos-in-february-4th-2026\/\" >\n\t\t\t\tSwiss Learning in Lagos in February 4th 2026\t\t\t<\/a>\n\t\t<\/h3>\n\t\t\t\t<div class=\"elementor-post__meta-data\">\n\t\t\t\t\t<span class=\"elementor-post-date\">\n\t\t\t10 \u0444\u0435\u0432\u0440\u0430\u043b\u044f, 2026\t\t<\/span>\n\t\t\t\t<\/div>\n\t\t\t\t<div class=\"elementor-post__excerpt\">\n\t\t\t<p>Swiss Learning had the pleasure of hosting an educational gathering in Lagos, bringing together the Consul General, Madame Cornelia Camenzind, Swiss education representatives, institutional partners and the local community. A strong moment of dialogue and shared values.<\/p>\n\t\t<\/div>\n\t\t\n\t\t<a class=\"elementor-post__read-more\" href=\"https:\/\/www.swisslearning.com\/ru\/events\/swiss-learning-in-lagos-in-february-4th-2026\/\" aria-label=\"Read more about Swiss Learning in Lagos in February 4th 2026\" tabindex=\"-1\" >\n\t\t\tRead More \u00bb\t\t<\/a>\n\n\t\t\t\t<\/div>\n\t\t\t\t<\/article>\n\t\t\t\t<article class=\"elementor-post elementor-grid-item post-14606 post type-post status-publish format-standard has-post-thumbnail hentry category-events\" role=\"listitem\">\n\t\t\t\t<a class=\"elementor-post__thumbnail__link\" href=\"https:\/\/www.swisslearning.com\/ru\/events\/swiss-learning-in-tokyo-japan-on-january-2026\/\" tabindex=\"-1\" >\n\t\t\t<div class=\"elementor-post__thumbnail\"><img loading=\"lazy\" decoding=\"async\" width=\"800\" height=\"537\" src=\"https:\/\/www.swisslearning.com\/wp-content\/uploads\/2026\/08\/Hilda-in-Tokyo-2-1024x687.png\" class=\"attachment-large size-large wp-image-14692\" alt=\"\" srcset=\"https:\/\/www.swisslearning.com\/wp-content\/uploads\/2026\/08\/Hilda-in-Tokyo-2-1024x687.png 1024w, https:\/\/www.swisslearning.com\/wp-content\/uploads\/2026\/08\/Hilda-in-Tokyo-2-300x201.png 300w, https:\/\/www.swisslearning.com\/wp-content\/uploads\/2026\/08\/Hilda-in-Tokyo-2-768x515.png 768w, https:\/\/www.swisslearning.com\/wp-content\/uploads\/2026\/08\/Hilda-in-Tokyo-2-1536x1030.png 1536w, https:\/\/www.swisslearning.com\/wp-content\/uploads\/2026\/08\/Hilda-in-Tokyo-2-2048x1374.png 2048w, https:\/\/www.swisslearning.com\/wp-content\/uploads\/2026\/08\/Hilda-in-Tokyo-2-18x12.png 18w\" sizes=\"(max-width: 800px) 100vw, 800px\" \/><\/div>\n\t\t<\/a>\n\t\t\t\t<div class=\"elementor-post__text\">\n\t\t\t\t<h3 class=\"elementor-post__title\">\n\t\t\t<a href=\"https:\/\/www.swisslearning.com\/ru\/events\/swiss-learning-in-tokyo-japan-on-january-2026\/\" >\n\t\t\t\tSwiss Learning in Tokyo January 25-26th 2026\t\t\t<\/a>\n\t\t<\/h3>\n\t\t\t\t<div class=\"elementor-post__meta-data\">\n\t\t\t\t\t<span class=\"elementor-post-date\">\n\t\t\t6 \u0444\u0435\u0432\u0440\u0430\u043b\u044f, 2026\t\t<\/span>\n\t\t\t\t<\/div>\n\t\t\t\t<div class=\"elementor-post__excerpt\">\n\t\t\t<p>Discover the Excellence of Swiss Education Swiss Learning welcomed 17 member schools to Tokyo, where we hosted a Swiss Learning Seminar together with our trusted partners. We were delighted to meet many families interested in our summer camps and academic year programs, and to introduce them to the unique opportunities offered by Swiss education. The [&hellip;]<\/p>\n\t\t<\/div>\n\t\t\n\t\t<a class=\"elementor-post__read-more\" href=\"https:\/\/www.swisslearning.com\/ru\/events\/swiss-learning-in-tokyo-japan-on-january-2026\/\" aria-label=\"Read more about Swiss Learning in Tokyo January 25-26th 2026\" tabindex=\"-1\" >\n\t\t\tRead More \u00bb\t\t<\/a>\n\n\t\t\t\t<\/div>\n\t\t\t\t<\/article>\n\t\t\t\t<article class=\"elementor-post elementor-grid-item post-14601 post type-post status-publish format-standard has-post-thumbnail hentry category-events\" role=\"listitem\">\n\t\t\t\t<a class=\"elementor-post__thumbnail__link\" href=\"https:\/\/www.swisslearning.com\/ru\/events\/swiss-learning-in-beijing-december-2nd-2025\/\" tabindex=\"-1\" >\n\t\t\t<div class=\"elementor-post__thumbnail\"><img loading=\"lazy\" decoding=\"async\" width=\"800\" height=\"800\" src=\"https:\/\/www.swisslearning.com\/wp-content\/uploads\/2026\/08\/Put_wooden_cow_in_picture_1_wi_Nano_Banana_Pro_38996-1024x1024.jpg\" class=\"attachment-large size-large wp-image-14689\" alt=\"\" srcset=\"https:\/\/www.swisslearning.com\/wp-content\/uploads\/2026\/08\/Put_wooden_cow_in_picture_1_wi_Nano_Banana_Pro_38996-1024x1024.jpg 1024w, https:\/\/www.swisslearning.com\/wp-content\/uploads\/2026\/08\/Put_wooden_cow_in_picture_1_wi_Nano_Banana_Pro_38996-300x300.jpg 300w, https:\/\/www.swisslearning.com\/wp-content\/uploads\/2026\/08\/Put_wooden_cow_in_picture_1_wi_Nano_Banana_Pro_38996-150x150.jpg 150w, https:\/\/www.swisslearning.com\/wp-content\/uploads\/2026\/08\/Put_wooden_cow_in_picture_1_wi_Nano_Banana_Pro_38996-768x768.jpg 768w, https:\/\/www.swisslearning.com\/wp-content\/uploads\/2026\/08\/Put_wooden_cow_in_picture_1_wi_Nano_Banana_Pro_38996-1536x1536.jpg 1536w, https:\/\/www.swisslearning.com\/wp-content\/uploads\/2026\/08\/Put_wooden_cow_in_picture_1_wi_Nano_Banana_Pro_38996-12x12.jpg 12w, https:\/\/www.swisslearning.com\/wp-content\/uploads\/2026\/08\/Put_wooden_cow_in_picture_1_wi_Nano_Banana_Pro_38996.jpg 2048w\" sizes=\"(max-width: 800px) 100vw, 800px\" \/><\/div>\n\t\t<\/a>\n\t\t\t\t<div class=\"elementor-post__text\">\n\t\t\t\t<h3 class=\"elementor-post__title\">\n\t\t\t<a href=\"https:\/\/www.swisslearning.com\/ru\/events\/swiss-learning-in-beijing-december-2nd-2025\/\" >\n\t\t\t\tSwiss Learning in China and Hong Kong on December 2025\t\t\t<\/a>\n\t\t<\/h3>\n\t\t\t\t<div class=\"elementor-post__meta-data\">\n\t\t\t\t\t<span class=\"elementor-post-date\">\n\t\t\t20 \u0434\u0435\u043a\u0430\u0431\u0440\u044f, 2025\t\t<\/span>\n\t\t\t\t<\/div>\n\t\t\t\t<div class=\"elementor-post__excerpt\">\n\t\t\t<p>The Embassy of Switzerland in Beijing, in collaboration with Mr. Christophe Xavier Clivaz,Founder of Swiss Learning, had the pleasure of organising several events in China and Hong Kong. Discover the Excellence of Swiss Education The attendees had the pleasure of meet the directors of Switzerland\u2019s most esteemed boarding schools, hospitality schools and summer camps.<\/p>\n\t\t<\/div>\n\t\t\n\t\t<a class=\"elementor-post__read-more\" href=\"https:\/\/www.swisslearning.com\/ru\/events\/swiss-learning-in-beijing-december-2nd-2025\/\" aria-label=\"Read more about Swiss Learning in China and Hong Kong on December 2025\" tabindex=\"-1\" >\n\t\t\tRead More \u00bb\t\t<\/a>\n\n\t\t\t\t<\/div>\n\t\t\t\t<\/article>\n\t\t\t\t<\/div>\n\t\t\n\t\t\t\t<div class=\"e-load-more-anchor\" data-page=\"1\" data-max-page=\"11\" data-next-page=\"https:\/\/www.swisslearning.com\/ru\/wp-json\/wp\/v2\/pages\/8086\/page\/2\/\"><\/div>\n\t\t\t\t<nav class=\"elementor-pagination\" aria-label=\"\u041d\u0443\u043c\u0435\u0440\u0430\u0446\u0438\u044f \u0441\u0442\u0440\u0430\u043d\u0438\u0446\">\n\t\t\t<span class=\"page-numbers prev\">&laquo; Previous<\/span>\n<a class=\"page-numbers next\" href=\"https:\/\/www.swisslearning.com\/ru\/wp-json\/wp\/v2\/pages\/8086\/page\/2\/\">Next &raquo;<\/a>\t\t<\/nav>\n\t\t\t\t\t\t<\/div>\n\t\t\t\t<\/div>\n\t\t\t\t\t<\/div>\n\t\t<\/div>\n\t\t\t\t\t<\/div>\n\t\t<\/section>\n\t\t\t\t<\/div>\n\t\t","protected":false},"excerpt":{"rendered":"<p>Upcoming events Past events<\/p>","protected":false},"author":1,"featured_media":144,"parent":0,"menu_order":0,"comment_status":"closed","ping_status":"closed","template":"","meta":{"footnotes":""},"class_list":["post-8086","page","type-page","status-publish","has-post-thumbnail","hentry"],"yoast_head":"<!-- This site is optimized with the Yoast SEO plugin v28.4 - https:\/\/yoast.com\/product\/yoast-seo-wordpress\/ -->\n<title>Events - Upcoming and past events on boarding school<\/title>\n<meta name=\"description\" content=\"Swiss Learning organize events and presentations of boarding schools around the world.\" \/>\n<meta name=\"robots\" content=\"noindex, follow, max-snippet:-1, max-image-preview:large, max-video-preview:-1\" \/>\n<meta property=\"og:locale\" content=\"ru_RU\" \/>\n<meta property=\"og:type\" content=\"article\" \/>\n<meta property=\"og:title\" content=\"Events - Upcoming and past events on boarding school\" \/>\n<meta property=\"og:description\" content=\"Swiss Learning organize events and presentations of boarding schools around the world.\" \/>\n<meta property=\"og:url\" content=\"https:\/\/www.swisslearning.com\/ru\/events\/\" \/>\n<meta property=\"og:site_name\" content=\"Swiss Learning\" \/>\n<meta property=\"article:publisher\" content=\"https:\/\/www.facebook.com\/swisslearning\" \/>\n<meta property=\"article:modified_time\" content=\"2026-08-28T11:29:08+00:00\" \/>\n<meta property=\"og:image\" content=\"https:\/\/www.swisslearning.com\/wp-content\/uploads\/2021\/06\/logo_SL.jpg\" \/>\n\t<meta property=\"og:image:width\" content=\"200\" \/>\n\t<meta property=\"og:image:height\" content=\"200\" \/>\n\t<meta property=\"og:image:type\" content=\"image\/jpeg\" \/>\n<meta name=\"twitter:card\" content=\"summary_large_image\" \/>\n<meta name=\"twitter:label1\" content=\"\u041f\u0440\u0438\u043c\u0435\u0440\u043d\u043e\u0435 \u0432\u0440\u0435\u043c\u044f \u0434\u043b\u044f \u0447\u0442\u0435\u043d\u0438\u044f\" \/>\n\t<meta name=\"twitter:data1\" content=\"5 \u043c\u0438\u043d\u0443\u0442\" \/>\n<script type=\"application\/ld+json\" class=\"yoast-schema-graph\">{\"@context\":\"https:\\\/\\\/schema.org\",\"@graph\":[{\"@type\":\"WebPage\",\"@id\":\"https:\\\/\\\/www.swisslearning.com\\\/events\\\/\",\"url\":\"https:\\\/\\\/www.swisslearning.com\\\/events\\\/\",\"name\":\"Events - Upcoming and past events on boarding school\",\"isPartOf\":{\"@id\":\"https:\\\/\\\/www.swisslearning.com\\\/#website\"},\"primaryImageOfPage\":{\"@id\":\"https:\\\/\\\/www.swisslearning.com\\\/events\\\/#primaryimage\"},\"image\":{\"@id\":\"https:\\\/\\\/www.swisslearning.com\\\/events\\\/#primaryimage\"},\"thumbnailUrl\":\"https:\\\/\\\/www.swisslearning.com\\\/wp-content\\\/uploads\\\/2021\\\/06\\\/logo_SL.jpg\",\"datePublished\":\"2021-10-19T08:55:01+00:00\",\"dateModified\":\"2026-08-28T11:29:08+00:00\",\"description\":\"Swiss Learning organize events and presentations of boarding schools around the world.\",\"breadcrumb\":{\"@id\":\"https:\\\/\\\/www.swisslearning.com\\\/events\\\/#breadcrumb\"},\"inLanguage\":\"ru-RU\",\"potentialAction\":[{\"@type\":\"ReadAction\",\"target\":[\"https:\\\/\\\/www.swisslearning.com\\\/events\\\/\"]}]},{\"@type\":\"ImageObject\",\"inLanguage\":\"ru-RU\",\"@id\":\"https:\\\/\\\/www.swisslearning.com\\\/events\\\/#primaryimage\",\"url\":\"https:\\\/\\\/www.swisslearning.com\\\/wp-content\\\/uploads\\\/2021\\\/06\\\/logo_SL.jpg\",\"contentUrl\":\"https:\\\/\\\/www.swisslearning.com\\\/wp-content\\\/uploads\\\/2021\\\/06\\\/logo_SL.jpg\",\"width\":200,\"height\":200},{\"@type\":\"BreadcrumbList\",\"@id\":\"https:\\\/\\\/www.swisslearning.com\\\/events\\\/#breadcrumb\",\"itemListElement\":[{\"@type\":\"ListItem\",\"position\":1,\"name\":\"Home\",\"item\":\"https:\\\/\\\/www.swisslearning.com\\\/\"},{\"@type\":\"ListItem\",\"position\":2,\"name\":\"Events\"}]},{\"@type\":\"WebSite\",\"@id\":\"https:\\\/\\\/www.swisslearning.com\\\/#website\",\"url\":\"https:\\\/\\\/www.swisslearning.com\\\/\",\"name\":\"Swiss Learning\",\"description\":\"BOARDING SCHOOLS, HOTEL MANAGEMENT SCHOOLS AND CAMPS IN SWITZERLAND\",\"publisher\":{\"@id\":\"https:\\\/\\\/www.swisslearning.com\\\/#organization\"},\"potentialAction\":[{\"@type\":\"SearchAction\",\"target\":{\"@type\":\"EntryPoint\",\"urlTemplate\":\"https:\\\/\\\/www.swisslearning.com\\\/?s={search_term_string}\"},\"query-input\":{\"@type\":\"PropertyValueSpecification\",\"valueRequired\":true,\"valueName\":\"search_term_string\"}}],\"inLanguage\":\"ru-RU\"},{\"@type\":\"Organization\",\"@id\":\"https:\\\/\\\/www.swisslearning.com\\\/#organization\",\"name\":\"Swiss Learning\",\"url\":\"https:\\\/\\\/www.swisslearning.com\\\/\",\"logo\":{\"@type\":\"ImageObject\",\"inLanguage\":\"ru-RU\",\"@id\":\"https:\\\/\\\/www.swisslearning.com\\\/#\\\/schema\\\/logo\\\/image\\\/\",\"url\":\"https:\\\/\\\/www.swisslearning.com\\\/wp-content\\\/uploads\\\/2021\\\/06\\\/swiss-learning_logo.svg\",\"contentUrl\":\"https:\\\/\\\/www.swisslearning.com\\\/wp-content\\\/uploads\\\/2021\\\/06\\\/swiss-learning_logo.svg\",\"width\":208,\"height\":56,\"caption\":\"Swiss Learning\"},\"image\":{\"@id\":\"https:\\\/\\\/www.swisslearning.com\\\/#\\\/schema\\\/logo\\\/image\\\/\"},\"sameAs\":[\"https:\\\/\\\/www.facebook.com\\\/swisslearning\",\"https:\\\/\\\/www.instagram.com\\\/swisslearning\\\/\",\"https:\\\/\\\/www.linkedin.com\\\/company\\\/35552129\\\/admin\\\/\"]}]}<\/script>\n<!-- \/ Yoast SEO plugin. -->","yoast_head_json":{"title":"\u0421\u043e\u0431\u044b\u0442\u0438\u044f - \u0411\u043b\u0438\u0436\u0430\u0439\u0448\u0438\u0435 \u0438 \u043f\u0440\u043e\u0448\u0435\u0434\u0448\u0438\u0435 \u043c\u0435\u0440\u043e\u043f\u0440\u0438\u044f\u0442\u0438\u044f \u0432 \u0448\u043a\u043e\u043b\u0435-\u0438\u043d\u0442\u0435\u0440\u043d\u0430\u0442\u0435","description":"Swiss Learning \u043e\u0440\u0433\u0430\u043d\u0438\u0437\u0443\u0435\u0442 \u043c\u0435\u0440\u043e\u043f\u0440\u0438\u044f\u0442\u0438\u044f \u0438 \u043f\u0440\u0435\u0437\u0435\u043d\u0442\u0430\u0446\u0438\u0438 \u0448\u043a\u043e\u043b-\u0438\u043d\u0442\u0435\u0440\u043d\u0430\u0442\u043e\u0432 \u043f\u043e \u0432\u0441\u0435\u043c\u0443 \u043c\u0438\u0440\u0443.","robots":{"index":"noindex","follow":"follow","max-snippet":"max-snippet:-1","max-image-preview":"max-image-preview:large","max-video-preview":"max-video-preview:-1"},"og_locale":"ru_RU","og_type":"article","og_title":"Events - Upcoming and past events on boarding school","og_description":"Swiss Learning organize events and presentations of boarding schools around the world.","og_url":"https:\/\/www.swisslearning.com\/ru\/events\/","og_site_name":"Swiss Learning","article_publisher":"https:\/\/www.facebook.com\/swisslearning","article_modified_time":"2026-08-28T11:29:08+00:00","og_image":[{"width":200,"height":200,"url":"https:\/\/www.swisslearning.com\/wp-content\/uploads\/2021\/06\/logo_SL.jpg","type":"image\/jpeg"}],"twitter_card":"summary_large_image","twitter_misc":{"\u041f\u0440\u0438\u043c\u0435\u0440\u043d\u043e\u0435 \u0432\u0440\u0435\u043c\u044f \u0434\u043b\u044f \u0447\u0442\u0435\u043d\u0438\u044f":"5 \u043c\u0438\u043d\u0443\u0442"},"schema":{"@context":"https:\/\/schema.org","@graph":[{"@type":"WebPage","@id":"https:\/\/www.swisslearning.com\/events\/","url":"https:\/\/www.swisslearning.com\/events\/","name":"\u0421\u043e\u0431\u044b\u0442\u0438\u044f - \u0411\u043b\u0438\u0436\u0430\u0439\u0448\u0438\u0435 \u0438 \u043f\u0440\u043e\u0448\u0435\u0434\u0448\u0438\u0435 \u043c\u0435\u0440\u043e\u043f\u0440\u0438\u044f\u0442\u0438\u044f \u0432 \u0448\u043a\u043e\u043b\u0435-\u0438\u043d\u0442\u0435\u0440\u043d\u0430\u0442\u0435","isPartOf":{"@id":"https:\/\/www.swisslearning.com\/#website"},"primaryImageOfPage":{"@id":"https:\/\/www.swisslearning.com\/events\/#primaryimage"},"image":{"@id":"https:\/\/www.swisslearning.com\/events\/#primaryimage"},"thumbnailUrl":"https:\/\/www.swisslearning.com\/wp-content\/uploads\/2021\/06\/logo_SL.jpg","datePublished":"2021-10-19T08:55:01+00:00","dateModified":"2026-08-28T11:29:08+00:00","description":"Swiss Learning \u043e\u0440\u0433\u0430\u043d\u0438\u0437\u0443\u0435\u0442 \u043c\u0435\u0440\u043e\u043f\u0440\u0438\u044f\u0442\u0438\u044f \u0438 \u043f\u0440\u0435\u0437\u0435\u043d\u0442\u0430\u0446\u0438\u0438 \u0448\u043a\u043e\u043b-\u0438\u043d\u0442\u0435\u0440\u043d\u0430\u0442\u043e\u0432 \u043f\u043e \u0432\u0441\u0435\u043c\u0443 \u043c\u0438\u0440\u0443.","breadcrumb":{"@id":"https:\/\/www.swisslearning.com\/events\/#breadcrumb"},"inLanguage":"ru-RU","potentialAction":[{"@type":"ReadAction","target":["https:\/\/www.swisslearning.com\/events\/"]}]},{"@type":"ImageObject","inLanguage":"ru-RU","@id":"https:\/\/www.swisslearning.com\/events\/#primaryimage","url":"https:\/\/www.swisslearning.com\/wp-content\/uploads\/2021\/06\/logo_SL.jpg","contentUrl":"https:\/\/www.swisslearning.com\/wp-content\/uploads\/2021\/06\/logo_SL.jpg","width":200,"height":200},{"@type":"BreadcrumbList","@id":"https:\/\/www.swisslearning.com\/events\/#breadcrumb","itemListElement":[{"@type":"ListItem","position":1,"name":"Home","item":"https:\/\/www.swisslearning.com\/"},{"@type":"ListItem","position":2,"name":"Events"}]},{"@type":"WebSite","@id":"https:\/\/www.swisslearning.com\/#website","url":"https:\/\/www.swisslearning.com\/","name":"Swiss Learning","description":"\u0428\u041a\u041e\u041b\u042b-\u0418\u041d\u0422\u0415\u0420\u041d\u0410\u0422\u042b, \u0428\u041a\u041e\u041b\u042b \u0423\u041f\u0420\u0410\u0412\u041b\u0415\u041d\u0418\u042f \u041e\u0422\u0415\u041b\u042f\u041c\u0418 \u0418 \u041b\u0410\u0413\u0415\u0420\u042f \u0412 \u0428\u0412\u0415\u0419\u0426\u0410\u0420\u0418\u0418","publisher":{"@id":"https:\/\/www.swisslearning.com\/#organization"},"potentialAction":[{"@type":"SearchAction","target":{"@type":"EntryPoint","urlTemplate":"https:\/\/www.swisslearning.com\/?s={search_term_string}"},"query-input":{"@type":"PropertyValueSpecification","valueRequired":true,"valueName":"search_term_string"}}],"inLanguage":"ru-RU"},{"@type":"Organization","@id":"https:\/\/www.swisslearning.com\/#organization","name":"Swiss Learning","url":"https:\/\/www.swisslearning.com\/","logo":{"@type":"ImageObject","inLanguage":"ru-RU","@id":"https:\/\/www.swisslearning.com\/#\/schema\/logo\/image\/","url":"https:\/\/www.swisslearning.com\/wp-content\/uploads\/2021\/06\/swiss-learning_logo.svg","contentUrl":"https:\/\/www.swisslearning.com\/wp-content\/uploads\/2021\/06\/swiss-learning_logo.svg","width":208,"height":56,"caption":"Swiss Learning"},"image":{"@id":"https:\/\/www.swisslearning.com\/#\/schema\/logo\/image\/"},"sameAs":["https:\/\/www.facebook.com\/swisslearning","https:\/\/www.instagram.com\/swisslearning\/","https:\/\/www.linkedin.com\/company\/35552129\/admin\/"]}]}},"_links":{"self":[{"href":"https:\/\/www.swisslearning.com\/ru\/wp-json\/wp\/v2\/pages\/8086","targetHints":{"allow":["GET"]}}],"collection":[{"href":"https:\/\/www.swisslearning.com\/ru\/wp-json\/wp\/v2\/pages"}],"about":[{"href":"https:\/\/www.swisslearning.com\/ru\/wp-json\/wp\/v2\/types\/page"}],"author":[{"embeddable":true,"href":"https:\/\/www.swisslearning.com\/ru\/wp-json\/wp\/v2\/users\/1"}],"replies":[{"embeddable":true,"href":"https:\/\/www.swisslearning.com\/ru\/wp-json\/wp\/v2\/comments?post=8086"}],"version-history":[{"count":38,"href":"https:\/\/www.swisslearning.com\/ru\/wp-json\/wp\/v2\/pages\/8086\/revisions"}],"predecessor-version":[{"id":14991,"href":"https:\/\/www.swisslearning.com\/ru\/wp-json\/wp\/v2\/pages\/8086\/revisions\/14991"}],"wp:featuredmedia":[{"embeddable":true,"href":"https:\/\/www.swisslearning.com\/ru\/wp-json\/wp\/v2\/media\/144"}],"wp:attachment":[{"href":"https:\/\/www.swisslearning.com\/ru\/wp-json\/wp\/v2\/media?parent=8086"}],"curies":[{"name":"WP","href":"https:\/\/api.w.org\/{rel}","templated":true}]}}