{"id":7269,"date":"2021-07-12T13:48:49","date_gmt":"2021-07-12T13:48:49","guid":{"rendered":"https:\/\/swissexcellence.ch\/?page_id=7269"},"modified":"2022-02-14T07:10:25","modified_gmt":"2022-02-14T07:10:25","slug":"news","status":"publish","type":"page","link":"https:\/\/www.swisslearning.com\/tr\/news\/","title":{"rendered":"haberler"},"content":{"rendered":"<div data-elementor-type=\"wp-page\" data-elementor-id=\"7269\" class=\"elementor elementor-7269\" data-elementor-post-type=\"page\">\n\t\t\t\t\t\t<section class=\"elementor-section elementor-top-section elementor-element elementor-element-f1ba1a7 elementor-section-full_width elementor-section-height-default elementor-section-height-default\" data-id=\"f1ba1a7\" data-element_type=\"section\" data-e-type=\"section\">\n\t\t\t\t\t\t<div class=\"elementor-container elementor-column-gap-default\">\n\t\t\t\t\t<div class=\"elementor-column elementor-col-100 elementor-top-column elementor-element elementor-element-8bf33b9\" data-id=\"8bf33b9\" data-element_type=\"column\" data-e-type=\"column\">\n\t\t\t<div class=\"elementor-widget-wrap elementor-element-populated\">\n\t\t\t\t\t\t<div class=\"elementor-element elementor-element-cc6bd19 elementor-widget elementor-widget-heading\" data-id=\"cc6bd19\" data-element_type=\"widget\" data-e-type=\"widget\" data-widget_type=\"heading.default\">\n\t\t\t\t<div class=\"elementor-widget-container\">\n\t\t\t\t\t<h1 class=\"elementor-heading-title elementor-size-default\">Haberler<\/h1>\t\t\t\t<\/div>\n\t\t\t\t<\/div>\n\t\t\t\t<div class=\"elementor-element elementor-element-8f604dc elementor-grid-3 elementor-grid-tablet-2 elementor-grid-mobile-1 elementor-posts--thumbnail-top elementor-widget elementor-widget-posts\" data-id=\"8f604dc\" data-element_type=\"widget\" data-e-type=\"widget\" data-settings=\"{&quot;pagination_type&quot;:&quot;prev_next&quot;,&quot;classic_columns&quot;:&quot;3&quot;,&quot;classic_columns_tablet&quot;:&quot;2&quot;,&quot;classic_columns_mobile&quot;:&quot;1&quot;,&quot;classic_row_gap&quot;:{&quot;unit&quot;:&quot;px&quot;,&quot;size&quot;:35,&quot;sizes&quot;:[]},&quot;classic_row_gap_tablet&quot;:{&quot;unit&quot;:&quot;px&quot;,&quot;size&quot;:&quot;&quot;,&quot;sizes&quot;:[]},&quot;classic_row_gap_mobile&quot;:{&quot;unit&quot;:&quot;px&quot;,&quot;size&quot;:&quot;&quot;,&quot;sizes&quot;:[]}}\" data-widget_type=\"posts.classic\">\n\t\t\t\t<div class=\"elementor-widget-container\">\n\t\t\t\t\t\t\t<div class=\"elementor-posts-container elementor-posts elementor-posts--skin-classic elementor-grid\" role=\"list\">\n\t\t\t\t<article class=\"elementor-post elementor-grid-item post-13597 post type-post status-publish format-standard has-post-thumbnail hentry category-news\" role=\"listitem\">\n\t\t\t\t<a class=\"elementor-post__thumbnail__link\" href=\"https:\/\/www.swisslearning.com\/tr\/news\/a-year-of-learning-growth-and-the-spirit-of-zuoz\/\" tabindex=\"-1\" >\n\t\t\t<div class=\"elementor-post__thumbnail\"><img fetchpriority=\"high\" decoding=\"async\" width=\"800\" height=\"997\" src=\"https:\/\/www.swisslearning.com\/wp-content\/uploads\/2026\/04\/Screenshot-27-04-at-14.36-822x1024.png\" class=\"attachment-large size-large wp-image-13601\" alt=\"\" srcset=\"https:\/\/www.swisslearning.com\/wp-content\/uploads\/2026\/04\/Screenshot-27-04-at-14.36-822x1024.png 822w, https:\/\/www.swisslearning.com\/wp-content\/uploads\/2026\/04\/Screenshot-27-04-at-14.36-241x300.png 241w, https:\/\/www.swisslearning.com\/wp-content\/uploads\/2026\/04\/Screenshot-27-04-at-14.36-768x957.png 768w, https:\/\/www.swisslearning.com\/wp-content\/uploads\/2026\/04\/Screenshot-27-04-at-14.36-10x12.png 10w, https:\/\/www.swisslearning.com\/wp-content\/uploads\/2026\/04\/Screenshot-27-04-at-14.36.png 1029w\" sizes=\"(max-width: 800px) 100vw, 800px\" \/><\/div>\n\t\t<\/a>\n\t\t\t\t<div class=\"elementor-post__text\">\n\t\t\t\t<h3 class=\"elementor-post__title\">\n\t\t\t<a href=\"https:\/\/www.swisslearning.com\/tr\/news\/a-year-of-learning-growth-and-the-spirit-of-zuoz\/\" >\n\t\t\t\tA year of learning, growth, and the Spirit of Zuoz.\t\t\t<\/a>\n\t\t<\/h3>\n\t\t\t\t<div class=\"elementor-post__meta-data\">\n\t\t\t\t\t<span class=\"elementor-post-date\">\n\t\t\tNisan 27, 2026\t\t<\/span>\n\t\t\t\t<\/div>\n\t\t\t\t<div class=\"elementor-post__excerpt\">\n\t\t\t<p>At Lyceum Alpinum Zuoz, students experience an education that goes far beyond academics. Set in the heart of the Engadin, this international boarding school in<\/p>\n\t\t<\/div>\n\t\t\n\t\t<a class=\"elementor-post__read-more\" href=\"https:\/\/www.swisslearning.com\/tr\/news\/a-year-of-learning-growth-and-the-spirit-of-zuoz\/\" aria-label=\"Read more about A year of learning, growth, and the Spirit of Zuoz.\" tabindex=\"-1\" >\n\t\t\tDevam\u0131n\u0131 oku &quot;\u00bb\t\t<\/a>\n\n\t\t\t\t<\/div>\n\t\t\t\t<\/article>\n\t\t\t\t<article class=\"elementor-post elementor-grid-item post-13565 post type-post status-publish format-standard has-post-thumbnail hentry category-news\" role=\"listitem\">\n\t\t\t\t<a class=\"elementor-post__thumbnail__link\" href=\"https:\/\/www.swisslearning.com\/tr\/news\/excellence-tradition-and-a-global-perspective-%f0%9f%87%a8%f0%9f%87%ad\/\" tabindex=\"-1\" >\n\t\t\t<div class=\"elementor-post__thumbnail\"><img decoding=\"async\" width=\"793\" height=\"560\" src=\"https:\/\/www.swisslearning.com\/wp-content\/uploads\/2026\/04\/Screenshot-21-04-at-09.33-2.png\" class=\"attachment-large size-large wp-image-13573\" alt=\"\" srcset=\"https:\/\/www.swisslearning.com\/wp-content\/uploads\/2026\/04\/Screenshot-21-04-at-09.33-2.png 793w, https:\/\/www.swisslearning.com\/wp-content\/uploads\/2026\/04\/Screenshot-21-04-at-09.33-2-300x212.png 300w, https:\/\/www.swisslearning.com\/wp-content\/uploads\/2026\/04\/Screenshot-21-04-at-09.33-2-768x542.png 768w, https:\/\/www.swisslearning.com\/wp-content\/uploads\/2026\/04\/Screenshot-21-04-at-09.33-2-18x12.png 18w\" sizes=\"(max-width: 793px) 100vw, 793px\" \/><\/div>\n\t\t<\/a>\n\t\t\t\t<div class=\"elementor-post__text\">\n\t\t\t\t<h3 class=\"elementor-post__title\">\n\t\t\t<a href=\"https:\/\/www.swisslearning.com\/tr\/news\/excellence-tradition-and-a-global-perspective-%f0%9f%87%a8%f0%9f%87%ad\/\" >\n\t\t\t\tExcellence, tradition, and a global perspective.\u00a0\ud83c\udde8\ud83c\udded\t\t\t<\/a>\n\t\t<\/h3>\n\t\t\t\t<div class=\"elementor-post__meta-data\">\n\t\t\t\t\t<span class=\"elementor-post-date\">\n\t\t\tNisan 21, 2026\t\t<\/span>\n\t\t\t\t<\/div>\n\t\t\t\t<div class=\"elementor-post__excerpt\">\n\t\t\t<p>Institut Le Rosey is one of Switzerland\u2019s most prestigious boarding schools, offering a truly unique educational experience. Its distinctive dual-campus model on the shores of<\/p>\n\t\t<\/div>\n\t\t\n\t\t<a class=\"elementor-post__read-more\" href=\"https:\/\/www.swisslearning.com\/tr\/news\/excellence-tradition-and-a-global-perspective-%f0%9f%87%a8%f0%9f%87%ad\/\" aria-label=\"Read more about Excellence, tradition, and a global perspective.\u00a0\ud83c\udde8\ud83c\udded\" tabindex=\"-1\" >\n\t\t\tDevam\u0131n\u0131 oku &quot;\u00bb\t\t<\/a>\n\n\t\t\t\t<\/div>\n\t\t\t\t<\/article>\n\t\t\t\t<article class=\"elementor-post elementor-grid-item post-13556 post type-post status-publish format-standard has-post-thumbnail hentry category-news\" role=\"listitem\">\n\t\t\t\t<a class=\"elementor-post__thumbnail__link\" href=\"https:\/\/www.swisslearning.com\/tr\/news\/institut-auf-dem-rosenberg-innovation-at-the-heart-of-swiss-education-%f0%9f%87%a8%f0%9f%87%ad\/\" tabindex=\"-1\" >\n\t\t\t<div class=\"elementor-post__thumbnail\"><img decoding=\"async\" width=\"800\" height=\"635\" src=\"https:\/\/www.swisslearning.com\/wp-content\/uploads\/2026\/04\/Institut-auf-dem-Rosenberg-Swiss-Learning-2026-Cover-1.png\" class=\"attachment-large size-large wp-image-13559\" alt=\"\" srcset=\"https:\/\/www.swisslearning.com\/wp-content\/uploads\/2026\/04\/Institut-auf-dem-Rosenberg-Swiss-Learning-2026-Cover-1.png 960w, https:\/\/www.swisslearning.com\/wp-content\/uploads\/2026\/04\/Institut-auf-dem-Rosenberg-Swiss-Learning-2026-Cover-1-300x238.png 300w, https:\/\/www.swisslearning.com\/wp-content\/uploads\/2026\/04\/Institut-auf-dem-Rosenberg-Swiss-Learning-2026-Cover-1-768x610.png 768w, https:\/\/www.swisslearning.com\/wp-content\/uploads\/2026\/04\/Institut-auf-dem-Rosenberg-Swiss-Learning-2026-Cover-1-15x12.png 15w\" sizes=\"(max-width: 800px) 100vw, 800px\" \/><\/div>\n\t\t<\/a>\n\t\t\t\t<div class=\"elementor-post__text\">\n\t\t\t\t<h3 class=\"elementor-post__title\">\n\t\t\t<a href=\"https:\/\/www.swisslearning.com\/tr\/news\/institut-auf-dem-rosenberg-innovation-at-the-heart-of-swiss-education-%f0%9f%87%a8%f0%9f%87%ad\/\" >\n\t\t\t\tInstitut auf dem Rosenberg innovation at the heart of Swiss education \ud83c\udde8\ud83c\udded\t\t\t<\/a>\n\t\t<\/h3>\n\t\t\t\t<div class=\"elementor-post__meta-data\">\n\t\t\t\t\t<span class=\"elementor-post-date\">\n\t\t\tNisan 14, 2026\t\t<\/span>\n\t\t\t\t<\/div>\n\t\t\t\t<div class=\"elementor-post__excerpt\">\n\t\t\t<p>Located in St. Gallen, Institut auf dem Rosenberg is recognised for its forward-looking approach to education. The school combines academic excellence with a strong emphasis<\/p>\n\t\t<\/div>\n\t\t\n\t\t<a class=\"elementor-post__read-more\" href=\"https:\/\/www.swisslearning.com\/tr\/news\/institut-auf-dem-rosenberg-innovation-at-the-heart-of-swiss-education-%f0%9f%87%a8%f0%9f%87%ad\/\" aria-label=\"Read more about Institut auf dem Rosenberg innovation at the heart of Swiss education \ud83c\udde8\ud83c\udded\" tabindex=\"-1\" >\n\t\t\tDevam\u0131n\u0131 oku &quot;\u00bb\t\t<\/a>\n\n\t\t\t\t<\/div>\n\t\t\t\t<\/article>\n\t\t\t\t<article class=\"elementor-post elementor-grid-item post-13543 post type-post status-publish format-standard has-post-thumbnail hentry category-news\" role=\"listitem\">\n\t\t\t\t<a class=\"elementor-post__thumbnail__link\" href=\"https:\/\/www.swisslearning.com\/tr\/news\/recognition-on-digital-citizenship-and-ai-for-institut-montana\/\" tabindex=\"-1\" >\n\t\t\t<div class=\"elementor-post__thumbnail\"><img loading=\"lazy\" decoding=\"async\" width=\"800\" height=\"800\" src=\"https:\/\/www.swisslearning.com\/wp-content\/uploads\/2026\/04\/Common-Sense-Award-IMS-1024x1024.png\" class=\"attachment-large size-large wp-image-13544\" alt=\"\" srcset=\"https:\/\/www.swisslearning.com\/wp-content\/uploads\/2026\/04\/Common-Sense-Award-IMS-1024x1024.png 1024w, https:\/\/www.swisslearning.com\/wp-content\/uploads\/2026\/04\/Common-Sense-Award-IMS-300x300.png 300w, https:\/\/www.swisslearning.com\/wp-content\/uploads\/2026\/04\/Common-Sense-Award-IMS-150x150.png 150w, https:\/\/www.swisslearning.com\/wp-content\/uploads\/2026\/04\/Common-Sense-Award-IMS-768x768.png 768w, https:\/\/www.swisslearning.com\/wp-content\/uploads\/2026\/04\/Common-Sense-Award-IMS-12x12.png 12w, https:\/\/www.swisslearning.com\/wp-content\/uploads\/2026\/04\/Common-Sense-Award-IMS.png 1200w\" sizes=\"(max-width: 800px) 100vw, 800px\" \/><\/div>\n\t\t<\/a>\n\t\t\t\t<div class=\"elementor-post__text\">\n\t\t\t\t<h3 class=\"elementor-post__title\">\n\t\t\t<a href=\"https:\/\/www.swisslearning.com\/tr\/news\/recognition-on-digital-citizenship-and-ai-for-institut-montana\/\" >\n\t\t\t\tRecognition on digital citizenship and AI for Institut Montana\t\t\t<\/a>\n\t\t<\/h3>\n\t\t\t\t<div class=\"elementor-post__meta-data\">\n\t\t\t\t\t<span class=\"elementor-post-date\">\n\t\t\tNisan 13, 2026\t\t<\/span>\n\t\t\t\t<\/div>\n\t\t\t\t<div class=\"elementor-post__excerpt\">\n\t\t\t<p>We are pleased to share that Institut Montana has been officially recognised as a Common Sense School, receiving the Official School Badge after completing the<\/p>\n\t\t<\/div>\n\t\t\n\t\t<a class=\"elementor-post__read-more\" href=\"https:\/\/www.swisslearning.com\/tr\/news\/recognition-on-digital-citizenship-and-ai-for-institut-montana\/\" aria-label=\"Read more about Recognition on digital citizenship and AI for Institut Montana\" tabindex=\"-1\" >\n\t\t\tDevam\u0131n\u0131 oku &quot;\u00bb\t\t<\/a>\n\n\t\t\t\t<\/div>\n\t\t\t\t<\/article>\n\t\t\t\t<article class=\"elementor-post elementor-grid-item post-13526 post type-post status-publish format-standard has-post-thumbnail hentry category-news\" role=\"listitem\">\n\t\t\t\t<a class=\"elementor-post__thumbnail__link\" href=\"https:\/\/www.swisslearning.com\/tr\/news\/one-summer-at-brillantmont-a-lifetime-of-difference-%f0%9f%87%a8%f0%9f%87%ad\/\" tabindex=\"-1\" >\n\t\t\t<div class=\"elementor-post__thumbnail\"><img loading=\"lazy\" decoding=\"async\" width=\"712\" height=\"421\" src=\"https:\/\/www.swisslearning.com\/wp-content\/uploads\/2026\/04\/Screenshot-08-04-at-13.58.png\" class=\"attachment-large size-large wp-image-13532\" alt=\"\" srcset=\"https:\/\/www.swisslearning.com\/wp-content\/uploads\/2026\/04\/Screenshot-08-04-at-13.58.png 712w, https:\/\/www.swisslearning.com\/wp-content\/uploads\/2026\/04\/Screenshot-08-04-at-13.58-300x177.png 300w, https:\/\/www.swisslearning.com\/wp-content\/uploads\/2026\/04\/Screenshot-08-04-at-13.58-18x12.png 18w\" sizes=\"(max-width: 712px) 100vw, 712px\" \/><\/div>\n\t\t<\/a>\n\t\t\t\t<div class=\"elementor-post__text\">\n\t\t\t\t<h3 class=\"elementor-post__title\">\n\t\t\t<a href=\"https:\/\/www.swisslearning.com\/tr\/news\/one-summer-at-brillantmont-a-lifetime-of-difference-%f0%9f%87%a8%f0%9f%87%ad\/\" >\n\t\t\t\tOne summer at Brillantmont. A lifetime of difference. \ud83c\udde8\ud83c\udded\t\t\t<\/a>\n\t\t<\/h3>\n\t\t\t\t<div class=\"elementor-post__meta-data\">\n\t\t\t\t\t<span class=\"elementor-post-date\">\n\t\t\tNisan 8, 2026\t\t<\/span>\n\t\t\t\t<\/div>\n\t\t\t\t<div class=\"elementor-post__excerpt\">\n\t\t\t<p>At Brillantmont, summer is a natural balance between learning, exploration and shared experiences. From mornings in the classroom to afternoons on the lake, from mountain<\/p>\n\t\t<\/div>\n\t\t\n\t\t<a class=\"elementor-post__read-more\" href=\"https:\/\/www.swisslearning.com\/tr\/news\/one-summer-at-brillantmont-a-lifetime-of-difference-%f0%9f%87%a8%f0%9f%87%ad\/\" aria-label=\"Read more about One summer at Brillantmont. A lifetime of difference. \ud83c\udde8\ud83c\udded\" tabindex=\"-1\" >\n\t\t\tDevam\u0131n\u0131 oku &quot;\u00bb\t\t<\/a>\n\n\t\t\t\t<\/div>\n\t\t\t\t<\/article>\n\t\t\t\t<article class=\"elementor-post elementor-grid-item post-13536 post type-post status-publish format-standard has-post-thumbnail hentry category-news\" role=\"listitem\">\n\t\t\t\t<a class=\"elementor-post__thumbnail__link\" href=\"https:\/\/www.swisslearning.com\/tr\/news\/behind-every-swiss-school-there-is-a-story\/\" tabindex=\"-1\" >\n\t\t\t<div class=\"elementor-post__thumbnail\"><img loading=\"lazy\" decoding=\"async\" width=\"800\" height=\"447\" src=\"https:\/\/www.swisslearning.com\/wp-content\/uploads\/2026\/04\/Daria-1024x572.jpg\" class=\"attachment-large size-large wp-image-13537\" alt=\"\" srcset=\"https:\/\/www.swisslearning.com\/wp-content\/uploads\/2026\/04\/Daria-1024x572.jpg 1024w, https:\/\/www.swisslearning.com\/wp-content\/uploads\/2026\/04\/Daria-300x167.jpg 300w, https:\/\/www.swisslearning.com\/wp-content\/uploads\/2026\/04\/Daria-768x429.jpg 768w, https:\/\/www.swisslearning.com\/wp-content\/uploads\/2026\/04\/Daria-18x10.jpg 18w, https:\/\/www.swisslearning.com\/wp-content\/uploads\/2026\/04\/Daria.jpg 1073w\" sizes=\"(max-width: 800px) 100vw, 800px\" \/><\/div>\n\t\t<\/a>\n\t\t\t\t<div class=\"elementor-post__text\">\n\t\t\t\t<h3 class=\"elementor-post__title\">\n\t\t\t<a href=\"https:\/\/www.swisslearning.com\/tr\/news\/behind-every-swiss-school-there-is-a-story\/\" >\n\t\t\t\tBehind every Swiss school, there is a story.\t\t\t<\/a>\n\t\t<\/h3>\n\t\t\t\t<div class=\"elementor-post__meta-data\">\n\t\t\t\t\t<span class=\"elementor-post-date\">\n\t\t\tNisan 2, 2026\t\t<\/span>\n\t\t\t\t<\/div>\n\t\t\t\t<div class=\"elementor-post__excerpt\">\n\t\t\t<p>At Coll\u00e8ge Champittet, students don\u2019t just learn, they grow.Discover the right school for your child with Swiss Learning. &#8220;Here every day feels like a culture<\/p>\n\t\t<\/div>\n\t\t\n\t\t<a class=\"elementor-post__read-more\" href=\"https:\/\/www.swisslearning.com\/tr\/news\/behind-every-swiss-school-there-is-a-story\/\" aria-label=\"Read more about Behind every Swiss school, there is a story.\" tabindex=\"-1\" >\n\t\t\tDevam\u0131n\u0131 oku &quot;\u00bb\t\t<\/a>\n\n\t\t\t\t<\/div>\n\t\t\t\t<\/article>\n\t\t\t\t<article class=\"elementor-post elementor-grid-item post-13447 post type-post status-publish format-standard has-post-thumbnail hentry category-news\" role=\"listitem\">\n\t\t\t\t<a class=\"elementor-post__thumbnail__link\" href=\"https:\/\/www.swisslearning.com\/tr\/news\/2026-aiglon-cup-ski-competition\/\" tabindex=\"-1\" >\n\t\t\t<div class=\"elementor-post__thumbnail\"><img loading=\"lazy\" decoding=\"async\" width=\"800\" height=\"448\" src=\"https:\/\/www.swisslearning.com\/wp-content\/uploads\/2026\/03\/Screenshot-15-03-at-16.37-2-1024x574.png\" class=\"attachment-large size-large wp-image-13448\" alt=\"\" srcset=\"https:\/\/www.swisslearning.com\/wp-content\/uploads\/2026\/03\/Screenshot-15-03-at-16.37-2-1024x574.png 1024w, https:\/\/www.swisslearning.com\/wp-content\/uploads\/2026\/03\/Screenshot-15-03-at-16.37-2-300x168.png 300w, https:\/\/www.swisslearning.com\/wp-content\/uploads\/2026\/03\/Screenshot-15-03-at-16.37-2-768x431.png 768w, https:\/\/www.swisslearning.com\/wp-content\/uploads\/2026\/03\/Screenshot-15-03-at-16.37-2-18x10.png 18w, https:\/\/www.swisslearning.com\/wp-content\/uploads\/2026\/03\/Screenshot-15-03-at-16.37-2.png 1252w\" sizes=\"(max-width: 800px) 100vw, 800px\" \/><\/div>\n\t\t<\/a>\n\t\t\t\t<div class=\"elementor-post__text\">\n\t\t\t\t<h3 class=\"elementor-post__title\">\n\t\t\t<a href=\"https:\/\/www.swisslearning.com\/tr\/news\/2026-aiglon-cup-ski-competition\/\" >\n\t\t\t\t2026 Aiglon Kupas\u0131 kayak yar\u0131\u015fmas\u0131\t\t\t<\/a>\n\t\t<\/h3>\n\t\t\t\t<div class=\"elementor-post__meta-data\">\n\t\t\t\t\t<span class=\"elementor-post-date\">\n\t\t\t15 Mart 2026\t\t<\/span>\n\t\t\t\t<\/div>\n\t\t\t\t<div class=\"elementor-post__excerpt\">\n\t\t\t<p>\u0130\u015fte bu \u00e7ok e\u011flenceliydi! \ud83d\ude0e 2026 Aiglon Kupas\u0131 kayak yar\u0131\u015fmas\u0131nda, 19 uluslararas\u0131 okuldan 470 yar\u0131\u015f\u00e7\u0131 da dahil olmak \u00fczere 600&#039;den fazla kat\u0131l\u0131mc\u0131m\u0131z vard\u0131.<\/p>\n\t\t<\/div>\n\t\t\n\t\t<a class=\"elementor-post__read-more\" href=\"https:\/\/www.swisslearning.com\/tr\/news\/2026-aiglon-cup-ski-competition\/\" aria-label=\"Read more about 2026 Aiglon Cup ski competition\" tabindex=\"-1\" >\n\t\t\tDevam\u0131n\u0131 oku &quot;\u00bb\t\t<\/a>\n\n\t\t\t\t<\/div>\n\t\t\t\t<\/article>\n\t\t\t\t<article class=\"elementor-post elementor-grid-item post-13441 post type-post status-publish format-standard has-post-thumbnail hentry category-news\" role=\"listitem\">\n\t\t\t\t<a class=\"elementor-post__thumbnail__link\" href=\"https:\/\/www.swisslearning.com\/tr\/news\/lets-celebrate-100-years-of-institut-montana\/\" tabindex=\"-1\" >\n\t\t\t<div class=\"elementor-post__thumbnail\"><img loading=\"lazy\" decoding=\"async\" width=\"800\" height=\"534\" src=\"https:\/\/www.swisslearning.com\/wp-content\/uploads\/2026\/03\/Document.png\" class=\"attachment-large size-large wp-image-13444\" alt=\"\" srcset=\"https:\/\/www.swisslearning.com\/wp-content\/uploads\/2026\/03\/Document.png 1024w, https:\/\/www.swisslearning.com\/wp-content\/uploads\/2026\/03\/Document-300x200.png 300w, https:\/\/www.swisslearning.com\/wp-content\/uploads\/2026\/03\/Document-768x512.png 768w, https:\/\/www.swisslearning.com\/wp-content\/uploads\/2026\/03\/Document-18x12.png 18w\" sizes=\"(max-width: 800px) 100vw, 800px\" \/><\/div>\n\t\t<\/a>\n\t\t\t\t<div class=\"elementor-post__text\">\n\t\t\t\t<h3 class=\"elementor-post__title\">\n\t\t\t<a href=\"https:\/\/www.swisslearning.com\/tr\/news\/lets-celebrate-100-years-of-institut-montana\/\" >\n\t\t\t\tInstitut Montana&#039;n\u0131n 100. y\u0131l\u0131n\u0131 kutlayal\u0131m!\t\t\t<\/a>\n\t\t<\/h3>\n\t\t\t\t<div class=\"elementor-post__meta-data\">\n\t\t\t\t\t<span class=\"elementor-post-date\">\n\t\t\t6 Mart 2026\t\t<\/span>\n\t\t\t\t<\/div>\n\t\t\t\t<div class=\"elementor-post__excerpt\">\n\t\t\t<p>Bu y\u0131l, Institut Montana 100 ya\u015f\u0131nda. Bir D\u00fcnya Sava\u015f\u0131&#039;n\u0131, k\u00fcresel bir ekonomik krizi ve d\u00fcnya \u00e7ap\u0131nda bir pandemiyi atlatt\u0131 ve bug\u00fcn hala ayakta.<\/p>\n\t\t<\/div>\n\t\t\n\t\t<a class=\"elementor-post__read-more\" href=\"https:\/\/www.swisslearning.com\/tr\/news\/lets-celebrate-100-years-of-institut-montana\/\" aria-label=\"Read more about Let&#8217;s celebrate 100 Years of Institut Montana\" tabindex=\"-1\" >\n\t\t\tDevam\u0131n\u0131 oku &quot;\u00bb\t\t<\/a>\n\n\t\t\t\t<\/div>\n\t\t\t\t<\/article>\n\t\t\t\t<article class=\"elementor-post elementor-grid-item post-13406 post type-post status-publish format-standard has-post-thumbnail hentry category-news\" role=\"listitem\">\n\t\t\t\t<a class=\"elementor-post__thumbnail__link\" href=\"https:\/\/www.swisslearning.com\/tr\/news\/project-based-learning-the-future-of-education\/\" tabindex=\"-1\" >\n\t\t\t<div class=\"elementor-post__thumbnail\"><img loading=\"lazy\" decoding=\"async\" width=\"800\" height=\"552\" src=\"https:\/\/www.swisslearning.com\/wp-content\/uploads\/2026\/02\/588951108_18334964119242477_7656079553870024984_n-1-1024x707.jpeg\" class=\"attachment-large size-large wp-image-13419\" alt=\"\" srcset=\"https:\/\/www.swisslearning.com\/wp-content\/uploads\/2026\/02\/588951108_18334964119242477_7656079553870024984_n-1-1024x707.jpeg 1024w, https:\/\/www.swisslearning.com\/wp-content\/uploads\/2026\/02\/588951108_18334964119242477_7656079553870024984_n-1-300x207.jpeg 300w, https:\/\/www.swisslearning.com\/wp-content\/uploads\/2026\/02\/588951108_18334964119242477_7656079553870024984_n-1-768x530.jpeg 768w, https:\/\/www.swisslearning.com\/wp-content\/uploads\/2026\/02\/588951108_18334964119242477_7656079553870024984_n-1-18x12.jpeg 18w, https:\/\/www.swisslearning.com\/wp-content\/uploads\/2026\/02\/588951108_18334964119242477_7656079553870024984_n-1.jpeg 1082w\" sizes=\"(max-width: 800px) 100vw, 800px\" \/><\/div>\n\t\t<\/a>\n\t\t\t\t<div class=\"elementor-post__text\">\n\t\t\t\t<h3 class=\"elementor-post__title\">\n\t\t\t<a href=\"https:\/\/www.swisslearning.com\/tr\/news\/project-based-learning-the-future-of-education\/\" >\n\t\t\t\tProje Tabanl\u0131 \u00d6\u011frenme: E\u011fitimin Gelece\u011fi\t\t\t<\/a>\n\t\t<\/h3>\n\t\t\t\t<div class=\"elementor-post__meta-data\">\n\t\t\t\t\t<span class=\"elementor-post-date\">\n\t\t\t28 \u015eubat 2026\t\t<\/span>\n\t\t\t\t<\/div>\n\t\t\t\t<div class=\"elementor-post__excerpt\">\n\t\t\t<p>Y\u00fckselen Nesil \u00f6\u011frencilerimiz, k\u00fcresel finans, y\u00f6neti\u015fim ve giri\u015fimcilik konular\u0131nda ilk elden bilgi edinmek amac\u0131yla Stonehage Fleming ofislerinde yo\u011fun bir g\u00fcn ge\u00e7irmek \u00fczere Londra&#039;ya gittiler.<\/p>\n\t\t<\/div>\n\t\t\n\t\t<a class=\"elementor-post__read-more\" href=\"https:\/\/www.swisslearning.com\/tr\/news\/project-based-learning-the-future-of-education\/\" aria-label=\"Read more about Project-Based Learning: The Future of Education\" tabindex=\"-1\" >\n\t\t\tDevam\u0131n\u0131 oku &quot;\u00bb\t\t<\/a>\n\n\t\t\t\t<\/div>\n\t\t\t\t<\/article>\n\t\t\t\t<\/div>\n\t\t\n\t\t\t\t<div class=\"e-load-more-anchor\" data-page=\"1\" data-max-page=\"26\" data-next-page=\"https:\/\/www.swisslearning.com\/tr\/wp-json\/wp\/v2\/pages\/7269\/page\/2\/\"><\/div>\n\t\t\t\t<nav class=\"elementor-pagination\" aria-label=\"Pagination\">\n\t\t\t<span class=\"page-numbers prev\">\u00ab&quot; \u00d6ncesi<\/span>\n<a class=\"page-numbers next\" href=\"https:\/\/www.swisslearning.com\/tr\/wp-json\/wp\/v2\/pages\/7269\/page\/2\/\">Sonraki &quot;\u00bb<\/a>\t\t<\/nav>\n\t\t\t\t\t\t<\/div>\n\t\t\t\t<\/div>\n\t\t\t\t\t<\/div>\n\t\t<\/div>\n\t\t\t\t\t<\/div>\n\t\t<\/section>\n\t\t\t\t<\/div>","protected":false},"excerpt":{"rendered":"<p>Haberler<\/p>","protected":false},"author":1,"featured_media":144,"parent":0,"menu_order":0,"comment_status":"closed","ping_status":"closed","template":"","meta":{"footnotes":""},"class_list":["post-7269","page","type-page","status-publish","has-post-thumbnail","hentry"],"yoast_head":"<!-- This site is optimized with the Yoast SEO plugin v27.5 - https:\/\/yoast.com\/product\/yoast-seo-wordpress\/ -->\n<title>News from our Boarding and Hotel Management Schools in Switzerland<\/title>\n<meta name=\"description\" content=\"Read all our latest news and updates on studying in a Swiss boarding school or hotel management school\" \/>\n<meta name=\"robots\" content=\"index, follow, max-snippet:-1, max-image-preview:large, max-video-preview:-1\" \/>\n<link rel=\"canonical\" href=\"https:\/\/www.swisslearning.com\/tr\/news\/\" \/>\n<meta property=\"og:locale\" content=\"tr_TR\" \/>\n<meta property=\"og:type\" content=\"article\" \/>\n<meta property=\"og:title\" content=\"News from our Boarding and Hotel Management Schools in Switzerland\" \/>\n<meta property=\"og:description\" content=\"Read all our latest news and updates on studying in a Swiss boarding school or hotel management school\" \/>\n<meta property=\"og:url\" content=\"https:\/\/www.swisslearning.com\/tr\/news\/\" \/>\n<meta property=\"og:site_name\" content=\"Swiss Learning\" \/>\n<meta property=\"article:publisher\" content=\"https:\/\/www.facebook.com\/swisslearning\" \/>\n<meta property=\"article:modified_time\" content=\"2022-02-14T07:10:25+00:00\" \/>\n<meta property=\"og:image\" content=\"https:\/\/www.swisslearning.com\/wp-content\/uploads\/2021\/06\/logo_SL.jpg\" \/>\n\t<meta property=\"og:image:width\" content=\"200\" \/>\n\t<meta property=\"og:image:height\" content=\"200\" \/>\n\t<meta property=\"og:image:type\" content=\"image\/jpeg\" \/>\n<meta name=\"twitter:card\" content=\"summary_large_image\" \/>\n<meta name=\"twitter:label1\" content=\"Tahmini okuma s\u00fcresi\" \/>\n\t<meta name=\"twitter:data1\" content=\"4 dakika\" \/>\n<script type=\"application\/ld+json\" class=\"yoast-schema-graph\">{\"@context\":\"https:\\\/\\\/schema.org\",\"@graph\":[{\"@type\":\"WebPage\",\"@id\":\"https:\\\/\\\/www.swisslearning.com\\\/news\\\/\",\"url\":\"https:\\\/\\\/www.swisslearning.com\\\/news\\\/\",\"name\":\"News from our Boarding and Hotel Management Schools in Switzerland\",\"isPartOf\":{\"@id\":\"https:\\\/\\\/www.swisslearning.com\\\/#website\"},\"primaryImageOfPage\":{\"@id\":\"https:\\\/\\\/www.swisslearning.com\\\/news\\\/#primaryimage\"},\"image\":{\"@id\":\"https:\\\/\\\/www.swisslearning.com\\\/news\\\/#primaryimage\"},\"thumbnailUrl\":\"https:\\\/\\\/www.swisslearning.com\\\/wp-content\\\/uploads\\\/2021\\\/06\\\/logo_SL.jpg\",\"datePublished\":\"2021-07-12T13:48:49+00:00\",\"dateModified\":\"2022-02-14T07:10:25+00:00\",\"description\":\"Read all our latest news and updates on studying in a Swiss boarding school or hotel management school\",\"breadcrumb\":{\"@id\":\"https:\\\/\\\/www.swisslearning.com\\\/news\\\/#breadcrumb\"},\"inLanguage\":\"tr\",\"potentialAction\":[{\"@type\":\"ReadAction\",\"target\":[\"https:\\\/\\\/www.swisslearning.com\\\/news\\\/\"]}]},{\"@type\":\"ImageObject\",\"inLanguage\":\"tr\",\"@id\":\"https:\\\/\\\/www.swisslearning.com\\\/news\\\/#primaryimage\",\"url\":\"https:\\\/\\\/www.swisslearning.com\\\/wp-content\\\/uploads\\\/2021\\\/06\\\/logo_SL.jpg\",\"contentUrl\":\"https:\\\/\\\/www.swisslearning.com\\\/wp-content\\\/uploads\\\/2021\\\/06\\\/logo_SL.jpg\",\"width\":200,\"height\":200},{\"@type\":\"BreadcrumbList\",\"@id\":\"https:\\\/\\\/www.swisslearning.com\\\/news\\\/#breadcrumb\",\"itemListElement\":[{\"@type\":\"ListItem\",\"position\":1,\"name\":\"Home\",\"item\":\"https:\\\/\\\/www.swisslearning.com\\\/\"},{\"@type\":\"ListItem\",\"position\":2,\"name\":\"news\"}]},{\"@type\":\"WebSite\",\"@id\":\"https:\\\/\\\/www.swisslearning.com\\\/#website\",\"url\":\"https:\\\/\\\/www.swisslearning.com\\\/\",\"name\":\"Swiss Learning\",\"description\":\"BOARDING SCHOOLS, HOTEL MANAGEMENT SCHOOLS AND CAMPS IN SWITZERLAND\",\"potentialAction\":[{\"@type\":\"SearchAction\",\"target\":{\"@type\":\"EntryPoint\",\"urlTemplate\":\"https:\\\/\\\/www.swisslearning.com\\\/?s={search_term_string}\"},\"query-input\":{\"@type\":\"PropertyValueSpecification\",\"valueRequired\":true,\"valueName\":\"search_term_string\"}}],\"inLanguage\":\"tr\"}]}<\/script>\n<!-- \/ Yoast SEO plugin. -->","yoast_head_json":{"title":"\u0130svi\u00e7re&#039;deki Pansiyon ve Otelcilik Y\u00f6netimi Okullar\u0131m\u0131zdan Haberler","description":"\u0130svi\u00e7re&#039;deki yat\u0131l\u0131 okullarda veya otelcilik okullar\u0131nda e\u011fitimle ilgili en son haberlerimizi ve g\u00fcncellemelerimizi okuyun.","robots":{"index":"index","follow":"follow","max-snippet":"max-snippet:-1","max-image-preview":"max-image-preview:large","max-video-preview":"max-video-preview:-1"},"canonical":"https:\/\/www.swisslearning.com\/tr\/news\/","og_locale":"tr_TR","og_type":"article","og_title":"News from our Boarding and Hotel Management Schools in Switzerland","og_description":"Read all our latest news and updates on studying in a Swiss boarding school or hotel management school","og_url":"https:\/\/www.swisslearning.com\/tr\/news\/","og_site_name":"Swiss Learning","article_publisher":"https:\/\/www.facebook.com\/swisslearning","article_modified_time":"2022-02-14T07:10:25+00:00","og_image":[{"width":200,"height":200,"url":"https:\/\/www.swisslearning.com\/wp-content\/uploads\/2021\/06\/logo_SL.jpg","type":"image\/jpeg"}],"twitter_card":"summary_large_image","twitter_misc":{"Tahmini okuma s\u00fcresi":"4 dakika"},"schema":{"@context":"https:\/\/schema.org","@graph":[{"@type":"WebPage","@id":"https:\/\/www.swisslearning.com\/news\/","url":"https:\/\/www.swisslearning.com\/news\/","name":"\u0130svi\u00e7re&#039;deki Pansiyon ve Otelcilik Y\u00f6netimi Okullar\u0131m\u0131zdan Haberler","isPartOf":{"@id":"https:\/\/www.swisslearning.com\/#website"},"primaryImageOfPage":{"@id":"https:\/\/www.swisslearning.com\/news\/#primaryimage"},"image":{"@id":"https:\/\/www.swisslearning.com\/news\/#primaryimage"},"thumbnailUrl":"https:\/\/www.swisslearning.com\/wp-content\/uploads\/2021\/06\/logo_SL.jpg","datePublished":"2021-07-12T13:48:49+00:00","dateModified":"2022-02-14T07:10:25+00:00","description":"\u0130svi\u00e7re&#039;deki yat\u0131l\u0131 okullarda veya otelcilik okullar\u0131nda e\u011fitimle ilgili en son haberlerimizi ve g\u00fcncellemelerimizi okuyun.","breadcrumb":{"@id":"https:\/\/www.swisslearning.com\/news\/#breadcrumb"},"inLanguage":"tr","potentialAction":[{"@type":"ReadAction","target":["https:\/\/www.swisslearning.com\/news\/"]}]},{"@type":"ImageObject","inLanguage":"tr","@id":"https:\/\/www.swisslearning.com\/news\/#primaryimage","url":"https:\/\/www.swisslearning.com\/wp-content\/uploads\/2021\/06\/logo_SL.jpg","contentUrl":"https:\/\/www.swisslearning.com\/wp-content\/uploads\/2021\/06\/logo_SL.jpg","width":200,"height":200},{"@type":"BreadcrumbList","@id":"https:\/\/www.swisslearning.com\/news\/#breadcrumb","itemListElement":[{"@type":"ListItem","position":1,"name":"Home","item":"https:\/\/www.swisslearning.com\/"},{"@type":"ListItem","position":2,"name":"news"}]},{"@type":"WebSite","@id":"https:\/\/www.swisslearning.com\/#website","url":"https:\/\/www.swisslearning.com\/","name":"\u0130svi\u00e7re \u00d6\u011frenimi","description":"\u0130SV\u0130\u00c7RE&#039;DEK\u0130 YATILI OKULLAR, OTEL Y\u00d6NET\u0130M\u0130 OKULLARI VE KAMPLAR","potentialAction":[{"@type":"SearchAction","target":{"@type":"EntryPoint","urlTemplate":"https:\/\/www.swisslearning.com\/?s={search_term_string}"},"query-input":{"@type":"PropertyValueSpecification","valueRequired":true,"valueName":"search_term_string"}}],"inLanguage":"tr"}]}},"_links":{"self":[{"href":"https:\/\/www.swisslearning.com\/tr\/wp-json\/wp\/v2\/pages\/7269","targetHints":{"allow":["GET"]}}],"collection":[{"href":"https:\/\/www.swisslearning.com\/tr\/wp-json\/wp\/v2\/pages"}],"about":[{"href":"https:\/\/www.swisslearning.com\/tr\/wp-json\/wp\/v2\/types\/page"}],"author":[{"embeddable":true,"href":"https:\/\/www.swisslearning.com\/tr\/wp-json\/wp\/v2\/users\/1"}],"replies":[{"embeddable":true,"href":"https:\/\/www.swisslearning.com\/tr\/wp-json\/wp\/v2\/comments?post=7269"}],"version-history":[{"count":37,"href":"https:\/\/www.swisslearning.com\/tr\/wp-json\/wp\/v2\/pages\/7269\/revisions"}],"predecessor-version":[{"id":9901,"href":"https:\/\/www.swisslearning.com\/tr\/wp-json\/wp\/v2\/pages\/7269\/revisions\/9901"}],"wp:featuredmedia":[{"embeddable":true,"href":"https:\/\/www.swisslearning.com\/tr\/wp-json\/wp\/v2\/media\/144"}],"wp:attachment":[{"href":"https:\/\/www.swisslearning.com\/tr\/wp-json\/wp\/v2\/media?parent=7269"}],"curies":[{"name":"wp","href":"https:\/\/api.w.org\/{rel}","templated":true}]}}